{"id":474,"date":"2023-10-19T13:41:18","date_gmt":"2023-10-19T19:41:18","guid":{"rendered":"https:\/\/pfranciscom.wordpress.com\/?page_id=474"},"modified":"2026-03-11T10:57:24","modified_gmt":"2026-03-11T16:57:24","slug":"portada","status":"publish","type":"page","link":"https:\/\/premiofranciscomercado.org\/","title":{"rendered":""},"content":{"rendered":"\n<p class=\"has-text-align-justify has-dark-gray-color has-text-color has-link-color wp-elements-31ac282ebfc2b32f3d4f702fb771e31a\" style=\"font-size:17px;font-style:normal;font-weight:300;line-height:1.3\">El Premio Francisco Mercado como finalidad promover la producci\u00f3n de conocimiento de calidad entre los y las j\u00f3venes investigadores de Iberoam\u00e9rica. El premio se otorga a la mejor tesis monogr\u00e1fica de doctorado realizada con m\u00e9todos cualitativos en el \u00e1rea de la salud y en un pa\u00eds iberoamericano en reconocimiento a su calidad y contribuci\u00f3n a este campo de conocimiento.<\/p>\n\n\n\n<div class=\"wp-block-group wp-elements-495a6f6d7c86ae3b6543a28057797d22\" style=\"padding-top:0;padding-bottom:0\"><div class=\"wp-block-group__inner-container is-layout-constrained wp-block-group-is-layout-constrained\">\n<div class=\"wp-block-group\"><div class=\"wp-block-group__inner-container is-layout-constrained wp-block-group-is-layout-constrained\">\n<div class=\"wp-block-buttons has-custom-font-size is-horizontal is-content-justification-right is-nowrap is-layout-flex wp-container-core-buttons-is-layout-7d91731e wp-block-buttons-is-layout-flex\" style=\"font-size:12px\">\n<div class=\"wp-block-button has-custom-width wp-block-button__width-25 is-style-fill\"><a class=\"wp-block-button__link has-white-color has-text-color has-background has-link-color has-eb-garamond-font-family has-small-font-size has-text-align-center has-custom-font-size wp-element-button\" href=\"https:\/\/premiofranciscomercado.org\/?page_id=329\" style=\"background:linear-gradient(135deg,rgb(211,129,42) 0%,rgb(211,129,42) 100%);padding-top:var(--wp--preset--spacing--20);padding-bottom:var(--wp--preset--spacing--20)\">Ver m\u00e1s<\/a><\/div>\n<\/div>\n<\/div><\/div>\n<\/div><\/div>\n\n\n\n<p class=\"has-text-align-left has-white-background-color has-text-color has-background has-link-color wp-elements-aef507317a9315580e88a21001cf6151\" style=\"color:#a60c16;font-size:24px;font-style:normal;font-weight:600;letter-spacing:-1px;line-height:1\">Cierre de recepci\u00f3n de candidaturas | Premio Francisco Mercado | Edici\u00f3n 2027<\/p>\n\n\n\n<div class=\"ycd-all-content-wrapper ycd-countdown-content-wrapper-1548\">        <div class=\"ycd-countdown-wrapper ycd-simple-content-wrapper ycd-simple-content-wrapper-1548\">\n            <div class=\"ycd-simple-time ycd-simple-container ycd-countdown-content-wrapper ycd-simple-wrapper-1548\"\n                 data-options='{&quot;ycd-simple-enable-years&quot;:&quot;&quot;,&quot;ycd-simple-years-text&quot;:&quot;Years&quot;,&quot;ycd-simple-enable-months&quot;:&quot;&quot;,&quot;ycd-simple-months-text&quot;:&quot;Meses&quot;,&quot;ycd-simple-enable-days&quot;:&quot;checked&quot;,&quot;ycd-simple-days-text&quot;:&quot;D\\u00edas&quot;,&quot;ycd-simple-enable-hours&quot;:&quot;checked&quot;,&quot;ycd-simple-hours-text&quot;:&quot;Horas&quot;,&quot;ycd-simple-enable-minutes&quot;:&quot;checked&quot;,&quot;ycd-simple-minutes-text&quot;:&quot;Minutos&quot;,&quot;ycd-simple-enable-seconds&quot;:&quot;&quot;,&quot;ycd-simple-seconds-text&quot;:&quot;Secs&quot;,&quot;ycd-fixed-position&quot;:&quot;top_left&quot;,&quot;ycd-fixed-positions-top&quot;:&quot;0px&quot;,&quot;ycd-fixed-positions-right&quot;:&quot;0px&quot;,&quot;ycd-fixed-positions-bottom&quot;:&quot;0px&quot;,&quot;ycd-fixed-positions-left&quot;:&quot;0px&quot;,&quot;ycd-countdown-display-on&quot;:&quot;on&quot;,&quot;ycd-position-countdown&quot;:&quot;top_center&quot;,&quot;ycd-display-settings&quot;:[{&quot;key1&quot;:&quot;select_settings&quot;,&quot;key3&quot;:[]}],&quot;ycd-countdown-date-type&quot;:&quot;dueDate&quot;,&quot;ycd-date-time-picker&quot;:&quot;2026-04-30 23:59&quot;,&quot;ycd-circle-time-zone&quot;:&quot;America\\\/Mexico_City&quot;,&quot;ycd-woo-time-zone&quot;:&quot;&quot;,&quot;ycd-woo-coupon-date&quot;:&quot;&quot;,&quot;ycd-countdown-restart-hour&quot;:&quot;1&quot;,&quot;ycd-countdown-duration-days&quot;:&quot;0&quot;,&quot;ycd-countdown-duration-hours&quot;:&quot;0&quot;,&quot;ycd-countdown-duration-minutes&quot;:&quot;0&quot;,&quot;ycd-countdown-duration-seconds&quot;:&quot;30&quot;,&quot;ycd-schedule-time-zone&quot;:&quot;&quot;,&quot;ycd-schedule-start-from&quot;:&quot;&quot;,&quot;ycd-schedule-end-to&quot;:&quot;&quot;,&quot;ycd-schedule2-time-zone&quot;:&quot;&quot;,&quot;ycd-schedule2-from&quot;:&quot;&quot;,&quot;ycd-schedule2-to&quot;:&quot;&quot;,&quot;ycd-schedule3-time-zone&quot;:&quot;&quot;,&quot;ycd-schedule3-time&quot;:&quot;&quot;,&quot;ycd-countdown-enable-woo-condition&quot;:&quot;on&quot;,&quot;ycd-woo-condition&quot;:&quot;disabled&quot;,&quot;ycd-countdown-start-date&quot;:&quot;2026-01-06 18:00&quot;,&quot;ycd-countdown-start-time-zone&quot;:&quot;America\\\/New_York&quot;,&quot;ycd-countdown-end-sound-url&quot;:&quot;https:\\\/\\\/premiofranciscomercado.org\\\/wp-content\\\/plugins\\\/countdown-builder\\\/lib\\\/alarm.mp3&quot;,&quot;ycd-custom-css&quot;:&quot;&quot;,&quot;ycd-custom-js&quot;:&quot;&quot;,&quot;ycd-subscribe-width&quot;:&quot;100%&quot;,&quot;ycd-form-above-text&quot;:&quot;Join Our Newsletter&quot;,&quot;ycd-form-input-text&quot;:&quot;Enter your email here&quot;,&quot;ycd-form-submit-text&quot;:&quot;Subscribe&quot;,&quot;ycd-form-submit-color&quot;:&quot;#3274d1&quot;,&quot;ycd-subscribe-success-message&quot;:&quot;Thanks for subscribing.&quot;,&quot;ycd-subscribe-error-message&quot;:&quot;Invalid email address.&quot;,&quot;ycd-countdown-expire-behavior&quot;:&quot;hideCountdown&quot;,&quot;ycd-expire-text&quot;:&quot;&quot;,&quot;ycd-expire-url&quot;:&quot;&quot;,&quot;ycd-button-name&quot;:&quot;Buy Now&quot;,&quot;ycd-button-width&quot;:&quot;200px&quot;,&quot;ycd-button-height&quot;:&quot;50px&quot;,&quot;ycd-button-border-width&quot;:&quot;0px&quot;,&quot;ycd-button-border-types&quot;:&quot;0&quot;,&quot;ycd-button-border-radius&quot;:&quot;5&quot;,&quot;ycd-button-margin-top&quot;:&quot;0px&quot;,&quot;ycd-button-margin-right&quot;:&quot;0px&quot;,&quot;ycd-button-margin-bottom&quot;:&quot;0px&quot;,&quot;ycd-button-margin-left&quot;:&quot;0px&quot;,&quot;ycd-button-opacity&quot;:&quot;1&quot;,&quot;ycd-button-font-size&quot;:&quot;14px&quot;,&quot;ycd-button-bg-color&quot;:&quot;#4dba7a&quot;,&quot;ycd-button-color&quot;:&quot;#ffffff&quot;,&quot;ycd-button-border-color&quot;:&quot;&quot;,&quot;ycd-button-hover-animation-speed&quot;:&quot;&quot;,&quot;ycd-button-hover-bg-color&quot;:&quot;#4dba7a&quot;,&quot;ycd-button-hover-color&quot;:&quot;#ffffff&quot;,&quot;ycd-countdown-button-behavior&quot;:&quot;redirect&quot;,&quot;ycd-button-action-url&quot;:&quot;https:\\\/\\\/premiofranciscomercado.org&quot;,&quot;ycd-scroll-to-selector&quot;:&quot;&quot;,&quot;ycd-animation-speed&quot;:&quot;&quot;,&quot;ycd-download-url&quot;:&quot;&quot;,&quot;ycd-download-name&quot;:&quot;&quot;,&quot;ycd-button-copy-text&quot;:&quot;&quot;,&quot;ycd-button-alert-text&quot;:&quot;&quot;,&quot;ycd-countdown-floating-position&quot;:&quot;top_left&quot;,&quot;ycd-countdown-floating-position-top&quot;:&quot;10px&quot;,&quot;ycd-countdown-floating-position-right&quot;:&quot;0px&quot;,&quot;ycd-countdown-floating-position-bottom&quot;:&quot;0px&quot;,&quot;ycd-countdown-floating-position-left&quot;:&quot;10px&quot;,&quot;ycd-countdown-floating-text&quot;:&quot;Click&quot;,&quot;ycd-countdown-floating-close-text&quot;:&quot;Cerrar&quot;,&quot;ycd-countdown-enable-float-sound-url&quot;:&quot;https:\\\/\\\/premiofranciscomercado.org\\\/wp-content\\\/plugins\\\/countdown-builder\\\/lib\\\/click.mp3&quot;,&quot;ycd-countdown-floating-padding-top&quot;:&quot;0px&quot;,&quot;ycd-countdown-floating-padding-right&quot;:&quot;0px&quot;,&quot;ycd-countdown-floating-padding-bottom&quot;:&quot;0px&quot;,&quot;ycd-countdown-floating-padding-left&quot;:&quot;0px&quot;,&quot;ycd-countdown-floating-text-padding-top&quot;:&quot;0px&quot;,&quot;ycd-countdown-floating-text-padding-right&quot;:&quot;0px&quot;,&quot;ycd-countdown-floating-text-padding-bottom&quot;:&quot;0px&quot;,&quot;ycd-countdown-floating-text-padding-left&quot;:&quot;0px&quot;,&quot;ycd-countdown-floating-text-size&quot;:&quot;20px&quot;,&quot;ycd-countdown-floating-font-weight&quot;:&quot;bold&quot;,&quot;ycd-countdown-floating-text-color&quot;:&quot;&quot;,&quot;ycd-countdown-floating-text-bg-color&quot;:&quot;&quot;,&quot;ycd-countdown-floating-text-content-bg-color&quot;:&quot;&quot;,&quot;ycd-simple-numbers-font-size&quot;:&quot;35px&quot;,&quot;ycd-simple-numbers-font-family&quot;:&quot;inherit&quot;,&quot;ycd-simple-numbers-font-family-custom&quot;:&quot;&quot;,&quot;ycd-simple-numbers-color&quot;:&quot;&quot;,&quot;ycd-simple-numbers-margin-top&quot;:&quot;0px&quot;,&quot;ycd-simple-numbers-margin-right&quot;:&quot;30px&quot;,&quot;ycd-simple-numbers-margin-bottom&quot;:&quot;10px&quot;,&quot;ycd-simple-numbers-margin-left&quot;:&quot;20px&quot;,&quot;ycd-simple-text-font-size&quot;:&quot;22px&quot;,&quot;ycd-simple-text-font-family&quot;:&quot;inherit&quot;,&quot;ycd-simple-text-font-family-custom&quot;:&quot;&quot;,&quot;ycd-simple-text-color&quot;:&quot;&quot;,&quot;ycd-simple-text-margin-top&quot;:&quot;5px&quot;,&quot;ycd-simple-text-margin-right&quot;:&quot;0px&quot;,&quot;ycd-simple-text-margin-bottom&quot;:&quot;0px&quot;,&quot;ycd-simple-text-margin-left&quot;:&quot;0px&quot;,&quot;ycd-simple-unite-padding-top&quot;:&quot;10px&quot;,&quot;ycd-simple-unite-padding-right&quot;:&quot;10px&quot;,&quot;ycd-simple-unite-padding-bottom&quot;:&quot;10px&quot;,&quot;ycd-simple-unite-padding-left&quot;:&quot;10px&quot;,&quot;ycd-simple-unite-margin-top&quot;:&quot;0px&quot;,&quot;ycd-simple-unite-margin-right&quot;:&quot;0px&quot;,&quot;ycd-simple-unite-margin-bottom&quot;:&quot;0px&quot;,&quot;ycd-simple-unite-margin-left&quot;:&quot;0px&quot;,&quot;ycd-simple-enable-unite-border&quot;:&quot;on&quot;,&quot;ycd-simple-unite-width&quot;:&quot;&quot;,&quot;ycd-simple-unite-border-width&quot;:&quot;1px&quot;,&quot;ycd-simple-unite-border-radius&quot;:&quot;10px&quot;,&quot;ycd-simple-unite-border-type&quot;:&quot;none&quot;,&quot;ycd-simple-unite-border-color&quot;:&quot;rgba(0, 0, 0, 1)&quot;,&quot;ycd-simple-timer-dotes&quot;:&quot;:&quot;,&quot;ycd-simple-timer-horizontal-align&quot;:&quot;center&quot;,&quot;ycd-simple-countdown-before-countdown&quot;:&quot;&quot;,&quot;ycd-simple-countdown-after-countdown&quot;:&quot;&quot;,&quot;ycd-tr&quot;:{&quot;{translationId}&quot;:{&quot;language&quot;:&quot;af&quot;,&quot;Years&quot;:&quot;&quot;,&quot;Months&quot;:&quot;&quot;,&quot;Days&quot;:&quot;&quot;,&quot;Hours&quot;:&quot;&quot;,&quot;Minutes&quot;:&quot;&quot;,&quot;Seconds&quot;:&quot;&quot;}},&quot;ycd-type&quot;:&quot;simple&quot;,&quot;ycd-post-id&quot;:&quot;1548&quot;,&quot;id&quot;:1548,&quot;ycd-timer-seconds&quot;:0,&quot;ycd-countdown-save-duration&quot;:&quot;&quot;,&quot;ycd-countdown-save-duration-each-user&quot;:&quot;&quot;,&quot;ycd-time-zone&quot;:&quot;America\\\/Mexico_City&quot;,&quot;ycd-countdown-restart&quot;:&quot;&quot;,&quot;ycd-count-up-from-end-date&quot;:&quot;&quot;,&quot;ycd-scroll-to-countdown&quot;:&quot;&quot;,&quot;isExpired&quot;:false,&quot;ycd-enable-simple-double-digits&quot;:&quot;&quot;}'\n                 data-id=\"1548\">\n                <div class=\"ycd-simple-before-countdown\"><\/div>\n                        <div class=\"ycd-simple-mode-textUnderCountdown ycd-simple-mode-textUnderCountdown-1548\">                                <div class=\"ycd-simple-current-unite-wrapper ycd-simple-current-unite-years ycd-hide\">\n                    <div class=\"ycd-simple-current-unite\"><!-- -->\n\t                                            <div class=\"ycd-simple-countdown-time ycd-simple-countdown-number ycd-simple-countdown-years-time\">0<\/div><!--\n                        --><div class=\"ycd-simple-countdown-time  ycd-simple-countdown-label ycd-simple-countdown-years-label\">Years<\/div>                    <\/div> <div class=\"ycd-simple-timer-dots \">:<\/div>                 <\/div>\n                                            <div class=\"ycd-simple-current-unite-wrapper ycd-simple-current-unite-months ycd-hide\">\n                    <div class=\"ycd-simple-current-unite\"><!-- -->\n\t                                            <div class=\"ycd-simple-countdown-time ycd-simple-countdown-number ycd-simple-countdown-months-time\">0<\/div><!--\n                        --><div class=\"ycd-simple-countdown-time  ycd-simple-countdown-label ycd-simple-countdown-months-label\">Meses<\/div>                    <\/div> <div class=\"ycd-simple-timer-dots \">:<\/div>                 <\/div>\n                                            <div class=\"ycd-simple-current-unite-wrapper ycd-simple-current-unite-days \">\n                    <div class=\"ycd-simple-current-unite\"><!-- -->\n\t                                            <div class=\"ycd-simple-countdown-time ycd-simple-countdown-number ycd-simple-countdown-days-time\">0<\/div><!--\n                        --><div class=\"ycd-simple-countdown-time  ycd-simple-countdown-label ycd-simple-countdown-days-label\">D\u00edas<\/div>                    <\/div> <div class=\"ycd-simple-timer-dots \">:<\/div>                 <\/div>\n                                            <div class=\"ycd-simple-current-unite-wrapper ycd-simple-current-unite-hours \">\n                    <div class=\"ycd-simple-current-unite\"><!-- -->\n\t                                            <div class=\"ycd-simple-countdown-time ycd-simple-countdown-number ycd-simple-countdown-hours-time\">0<\/div><!--\n                        --><div class=\"ycd-simple-countdown-time  ycd-simple-countdown-label ycd-simple-countdown-hours-label\">Horas<\/div>                    <\/div> <div class=\"ycd-simple-timer-dots \">:<\/div>                 <\/div>\n                                            <div class=\"ycd-simple-current-unite-wrapper ycd-simple-current-unite-minutes \">\n                    <div class=\"ycd-simple-current-unite\"><!-- -->\n\t                                            <div class=\"ycd-simple-countdown-time ycd-simple-countdown-number ycd-simple-countdown-minutes-time\">0<\/div><!--\n                        --><div class=\"ycd-simple-countdown-time  ycd-simple-countdown-label ycd-simple-countdown-minutes-label\">Minutos<\/div>                    <\/div> <div class=\"ycd-simple-timer-dots ycd-hide\">:<\/div>                 <\/div>\n                                            <div class=\"ycd-simple-current-unite-wrapper ycd-simple-current-unite-seconds ycd-hide\">\n                    <div class=\"ycd-simple-current-unite\"><!-- -->\n\t                                            <div class=\"ycd-simple-countdown-time ycd-simple-countdown-number ycd-simple-countdown-seconds-time\">0<\/div><!--\n                        --><div class=\"ycd-simple-countdown-time  ycd-simple-countdown-label ycd-simple-countdown-seconds-label\">Secs<\/div>                    <\/div>                <\/div>\n                    <\/div>\n                        <div class=\"ycd-simple-after-countdown\"><\/div>\n            <\/div>\n        <\/div>\n                <style>\n            .ycd-simple-content-wrapper-1548 .ycd-simple-countdown-number,\n            .ycd-simple-content-wrapper-1548 .ycd-simple-timer-dots {\n                font-size: 35px;\n            }\n            .ycd-simple-content-wrapper-1548 .ycd-simple-countdown-number {\n\t            margin: 0px 30px 10px 20px            }\n            .ycd-simple-content-wrapper-1548 .ycd-simple-countdown-label {\n                font-size: 22px;\n\t            margin: 5px 0px 0px 0px            }\n            .ycd-simple-content-wrapper-1548 {\n\t            text-align: center;\n            }\n                            .ycd-simple-current-unite {width: 100%;}\n                .ycd-simple-content-wrapper-1548 .ycd-simple-current-unite-wrapper {\n                    border: 1px none rgba(0, 0, 0, 1);\n                    border-radius: 10px;\n                                    }\n                    <\/style>\n        \t\t<style>\n\t\t\t.ycd-simple-content-wrapper-1548 .ycd-simple-countdown-number,\n\t\t\t.ycd-simple-content-wrapper-1548 .ycd-simple-timer-dots{\n\t\t\t\tcolor: ;\n\t\t\t\tfont-family: inherit;\n\t\t\t}\n\t\t\t.ycd-simple-content-wrapper-1548 .ycd-simple-countdown-label {\n\t\t\t\tcolor: ;\n\t\t\t\tfont-family: inherit;\n\t\t\t}\n\t\t\t.ycd-simple-content-wrapper-1548 .ycd-simple-current-unite-wrapper {\n                margin: 0px 0px 0px 0px            }\n            .ycd-simple-content-wrapper-1548 .ycd-simple-current-unite-wrapper {\n                padding: 10px 10px 10px 10px            }\n\t\t<\/style>\n\t\t<\/div>\n\n\n<div class=\"wp-block-image\">\n<figure class=\"aligncenter size-large is-resized\"><img loading=\"lazy\" decoding=\"async\" width=\"1920\" height=\"1080\" src=\"https:\/\/premiofranciscomercado.org\/wp-content\/uploads\/2023\/10\/separador-2.png?w=1024\" alt=\"\" class=\"wp-image-624\" style=\"width:50px\" srcset=\"https:\/\/premiofranciscomercado.org\/wp-content\/uploads\/2023\/10\/separador-2.png 1920w, https:\/\/premiofranciscomercado.org\/wp-content\/uploads\/2023\/10\/separador-2-300x169.png 300w, https:\/\/premiofranciscomercado.org\/wp-content\/uploads\/2023\/10\/separador-2-1024x576.png 1024w, https:\/\/premiofranciscomercado.org\/wp-content\/uploads\/2023\/10\/separador-2-768x432.png 768w, https:\/\/premiofranciscomercado.org\/wp-content\/uploads\/2023\/10\/separador-2-1536x864.png 1536w\" sizes=\"auto, (max-width: 1920px) 100vw, 1920px\" \/><\/figure>\n<\/div>\n\n\n<p class=\"has-text-align-center has-white-color has-text-color has-background has-link-color wp-elements-19730bf92cd57ad997ee39fa54895ce5\" style=\"background-color:#8a1e04;font-size:30px;font-style:normal;font-weight:300;letter-spacing:-1px;line-height:1\">Anuncios y novedades<\/p>\n\n\n\n<div class=\"wp-block-query is-layout-flow wp-block-query-is-layout-flow\"><ul class=\"wp-block-post-template is-layout-flow wp-block-post-template-is-layout-flow\"><li class=\"wp-block-post post-1749 post type-post status-publish format-standard has-post-thumbnail hentry category-anuncios\">\n\n<div class=\"wp-block-columns alignwide is-layout-flex wp-container-core-columns-is-layout-9d6595d7 wp-block-columns-is-layout-flex\">\n<div class=\"wp-block-column is-layout-flow wp-block-column-is-layout-flow\" style=\"flex-basis:40%\"><figure style=\"aspect-ratio:1;width:300px;height:300px;\" class=\"wp-block-post-featured-image\"><a href=\"https:\/\/premiofranciscomercado.org\/?p=1749\" target=\"_self\"  style=\"height:300px\"><img loading=\"lazy\" decoding=\"async\" width=\"740\" height=\"430\" src=\"https:\/\/premiofranciscomercado.org\/wp-content\/uploads\/2026\/04\/2027.convocatoria.cierre.3-dias.ve_-740x430.jpg\" class=\"attachment-post-thumbnail size-post-thumbnail wp-post-image\" alt=\"Faltan 3 d\u00edas para el cierre de la convocatoria | Edici\u00f3n 2027\" style=\"width:100%;height:100%;object-fit:cover;\" \/><\/a><\/figure><\/div>\n\n\n\n<div class=\"wp-block-column is-layout-flow wp-block-column-is-layout-flow\" style=\"flex-basis:50%\"><h2 style=\"color:#8a1e04; font-size:28px;font-style:normal;font-weight:400;\" class=\"has-text-align-left has-link-color wp-elements-94a7be150a53da0909668f8fd5f96e4e wp-block-post-title has-text-color\"><a href=\"https:\/\/premiofranciscomercado.org\/?p=1749\" target=\"_self\" >Faltan 3 d\u00edas para el cierre de la convocatoria | Edici\u00f3n 2027<\/a><\/h2>\n\n<div style=\"color:#000000; font-size:14px;\" class=\"has-link-color wp-elements-c82492ad5ea709c2190877a99b22a59c wp-block-post-excerpt has-text-color\"><p class=\"wp-block-post-excerpt__excerpt\">\u00a1A\u00fan est\u00e1s a tiempo de participar! \u23f3La convocatoria de la Edici\u00f3n 2027 cierra el pr\u00f3ximo 30 de abril \ud83d\uddd3\ufe0f Ainda d\u00e1 tempo de participar! \u23f3A convocat\u00f3ria da Edi\u00e7\u00e3o 2027 encerra no pr\u00f3ximo dia 30 de abril \ud83d\uddd3\ufe0f<\/p><p class=\"wp-block-post-excerpt__more-text\"><a class=\"wp-block-post-excerpt__more-link\" href=\"https:\/\/premiofranciscomercado.org\/?p=1749\"><em>Ver m\u00e1s<\/em><\/a><\/p><\/div><\/div>\n<\/div>\n\n<\/li><li class=\"wp-block-post post-1718 post type-post status-publish format-standard has-post-thumbnail hentry category-anuncios\">\n\n<div class=\"wp-block-columns alignwide is-layout-flex wp-container-core-columns-is-layout-9d6595d7 wp-block-columns-is-layout-flex\">\n<div class=\"wp-block-column is-layout-flow wp-block-column-is-layout-flow\" style=\"flex-basis:40%\"><figure style=\"aspect-ratio:1;width:300px;height:300px;\" class=\"wp-block-post-featured-image\"><a href=\"https:\/\/premiofranciscomercado.org\/?p=1718\" target=\"_self\"  style=\"height:300px\"><img loading=\"lazy\" decoding=\"async\" width=\"740\" height=\"430\" src=\"https:\/\/premiofranciscomercado.org\/wp-content\/uploads\/2026\/04\/2027.convocatoria.cierre.15-dias.vp_-740x430.jpg\" class=\"attachment-post-thumbnail size-post-thumbnail wp-post-image\" alt=\"Faltan 15 d\u00edas para el cierre de la convocatoria | Edici\u00f3n 2027\" style=\"width:100%;height:100%;object-fit:cover;\" \/><\/a><\/figure><\/div>\n\n\n\n<div class=\"wp-block-column is-layout-flow wp-block-column-is-layout-flow\" style=\"flex-basis:50%\"><h2 style=\"color:#8a1e04; font-size:28px;font-style:normal;font-weight:400;\" class=\"has-text-align-left has-link-color wp-elements-94a7be150a53da0909668f8fd5f96e4e wp-block-post-title has-text-color\"><a href=\"https:\/\/premiofranciscomercado.org\/?p=1718\" target=\"_self\" >Faltan 15 d\u00edas para el cierre de la convocatoria | Edici\u00f3n 2027<\/a><\/h2>\n\n<div style=\"color:#000000; font-size:14px;\" class=\"has-link-color wp-elements-c82492ad5ea709c2190877a99b22a59c wp-block-post-excerpt has-text-color\"><p class=\"wp-block-post-excerpt__excerpt\">\u00a1Falta poco tiempo! \u00a1A\u00fan est\u00e1s a tiempo de participar! La convocatoria de la Edici\u00f3n 2027 cierra el pr\u00f3ximo 30 de abril Falta pouco tempo! Ainda d\u00e1 tempo de participar! A convocat\u00f3ria da Edi\u00e7\u00e3o 2027 encerra no pr\u00f3ximo dia 30 de abril<\/p><p class=\"wp-block-post-excerpt__more-text\"><a class=\"wp-block-post-excerpt__more-link\" href=\"https:\/\/premiofranciscomercado.org\/?p=1718\"><em>Ver m\u00e1s<\/em><\/a><\/p><\/div><\/div>\n<\/div>\n\n<\/li><li class=\"wp-block-post post-1696 post type-post status-publish format-standard has-post-thumbnail hentry category-difusion\">\n\n<div class=\"wp-block-columns alignwide is-layout-flex wp-container-core-columns-is-layout-9d6595d7 wp-block-columns-is-layout-flex\">\n<div class=\"wp-block-column is-layout-flow wp-block-column-is-layout-flow\" style=\"flex-basis:40%\"><figure style=\"aspect-ratio:1;width:300px;height:300px;\" class=\"wp-block-post-featured-image\"><a href=\"https:\/\/premiofranciscomercado.org\/?p=1696\" target=\"_self\"  style=\"height:300px\"><img loading=\"lazy\" decoding=\"async\" width=\"740\" height=\"430\" src=\"https:\/\/premiofranciscomercado.org\/wp-content\/uploads\/2026\/04\/unnamed-740x430.png\" class=\"attachment-post-thumbnail size-post-thumbnail wp-post-image\" alt=\"Difusi\u00f3n | Astrolabio. Nueva \u00c9poca | Convocatoria de art\u00edculos\" style=\"width:100%;height:100%;object-fit:cover;\" \/><\/a><\/figure><\/div>\n\n\n\n<div class=\"wp-block-column is-layout-flow wp-block-column-is-layout-flow\" style=\"flex-basis:50%\"><h2 style=\"color:#8a1e04; font-size:28px;font-style:normal;font-weight:400;\" class=\"has-text-align-left has-link-color wp-elements-94a7be150a53da0909668f8fd5f96e4e wp-block-post-title has-text-color\"><a href=\"https:\/\/premiofranciscomercado.org\/?p=1696\" target=\"_self\" >Difusi\u00f3n | Astrolabio. Nueva \u00c9poca | Convocatoria de art\u00edculos<\/a><\/h2>\n\n<div style=\"color:#000000; font-size:14px;\" class=\"has-link-color wp-elements-c82492ad5ea709c2190877a99b22a59c wp-block-post-excerpt has-text-color\"><p class=\"wp-block-post-excerpt__excerpt\">Compartimos la siguiente difusi\u00f3n: https:\/\/revistas.unc.edu.ar\/index.php\/astrolabio\/announcement\/view\/689<\/p><p class=\"wp-block-post-excerpt__more-text\"><a class=\"wp-block-post-excerpt__more-link\" href=\"https:\/\/premiofranciscomercado.org\/?p=1696\"><em>Ver m\u00e1s<\/em><\/a><\/p><\/div><\/div>\n<\/div>\n\n<\/li><li class=\"wp-block-post post-1691 post type-post status-publish format-standard has-post-thumbnail hentry category-uncategorized\">\n\n<div class=\"wp-block-columns alignwide is-layout-flex wp-container-core-columns-is-layout-9d6595d7 wp-block-columns-is-layout-flex\">\n<div class=\"wp-block-column is-layout-flow wp-block-column-is-layout-flow\" style=\"flex-basis:40%\"><figure style=\"aspect-ratio:1;width:300px;height:300px;\" class=\"wp-block-post-featured-image\"><a href=\"https:\/\/premiofranciscomercado.org\/?p=1691\" target=\"_self\"  style=\"height:300px\"><img loading=\"lazy\" decoding=\"async\" width=\"740\" height=\"430\" src=\"https:\/\/premiofranciscomercado.org\/wp-content\/uploads\/2026\/03\/2027.convocatoria.cierre.un-mes.vp_-740x430.jpg\" class=\"attachment-post-thumbnail size-post-thumbnail wp-post-image\" alt=\"Falta un mes para el cierre de la convocatoria | Edici\u00f3n 2027\" style=\"width:100%;height:100%;object-fit:cover;\" \/><\/a><\/figure><\/div>\n\n\n\n<div class=\"wp-block-column is-layout-flow wp-block-column-is-layout-flow\" style=\"flex-basis:50%\"><h2 style=\"color:#8a1e04; font-size:28px;font-style:normal;font-weight:400;\" class=\"has-text-align-left has-link-color wp-elements-94a7be150a53da0909668f8fd5f96e4e wp-block-post-title has-text-color\"><a href=\"https:\/\/premiofranciscomercado.org\/?p=1691\" target=\"_self\" >Falta un mes para el cierre de la convocatoria | Edici\u00f3n 2027<\/a><\/h2>\n\n<div style=\"color:#000000; font-size:14px;\" class=\"has-link-color wp-elements-c82492ad5ea709c2190877a99b22a59c wp-block-post-excerpt has-text-color\"><p class=\"wp-block-post-excerpt__excerpt\">\u00a1Solo queda un mes para el cierre de recepci\u00f3n de postulaciones para la Edici\u00f3n 2027 del Premio Francisco Mercado! \u00a1Env\u00edanos tu tesis de doctorado! Apenas restam um m\u00e9s para o encerramento das inscri\u00e7\u00f5es para a Edi\u00e7\u00e3o 2027 do Pr\u00eamio Francisco Mercado! Envia a tua tese de doutorado!<\/p><p class=\"wp-block-post-excerpt__more-text\"><a class=\"wp-block-post-excerpt__more-link\" href=\"https:\/\/premiofranciscomercado.org\/?p=1691\"><em>Ver m\u00e1s<\/em><\/a><\/p><\/div><\/div>\n<\/div>\n\n<\/li><li class=\"wp-block-post post-1685 post type-post status-publish format-standard has-post-thumbnail hentry category-anuncios\">\n\n<div class=\"wp-block-columns alignwide is-layout-flex wp-container-core-columns-is-layout-9d6595d7 wp-block-columns-is-layout-flex\">\n<div class=\"wp-block-column is-layout-flow wp-block-column-is-layout-flow\" style=\"flex-basis:40%\"><figure style=\"aspect-ratio:1;width:300px;height:300px;\" class=\"wp-block-post-featured-image\"><a href=\"https:\/\/premiofranciscomercado.org\/?p=1685\" target=\"_self\"  style=\"height:300px\"><img loading=\"lazy\" decoding=\"async\" width=\"740\" height=\"430\" src=\"https:\/\/premiofranciscomercado.org\/wp-content\/uploads\/2026\/03\/2027.fellowship.anuncio-740x430.png\" class=\"attachment-post-thumbnail size-post-thumbnail wp-post-image\" alt=\"Jaider Camilo Ot\u00e1lvaro es el seleccionado para realizar la Estancia acad\u00e9mica de entrenamiento en revisi\u00f3n de pares\" style=\"width:100%;height:100%;object-fit:cover;\" \/><\/a><\/figure><\/div>\n\n\n\n<div class=\"wp-block-column is-layout-flow wp-block-column-is-layout-flow\" style=\"flex-basis:50%\"><h2 style=\"color:#8a1e04; font-size:28px;font-style:normal;font-weight:400;\" class=\"has-text-align-left has-link-color wp-elements-94a7be150a53da0909668f8fd5f96e4e wp-block-post-title has-text-color\"><a href=\"https:\/\/premiofranciscomercado.org\/?p=1685\" target=\"_self\" >Jaider Camilo Ot\u00e1lvaro es el seleccionado para realizar la Estancia acad\u00e9mica de entrenamiento en revisi\u00f3n de pares<\/a><\/h2>\n\n<div style=\"color:#000000; font-size:14px;\" class=\"has-link-color wp-elements-c82492ad5ea709c2190877a99b22a59c wp-block-post-excerpt has-text-color\"><p class=\"wp-block-post-excerpt__excerpt\">El Comit\u00e9 Ejecutivo se complace en anunciar que Jaider Camilo Ot\u00e1lvaro ha sido seleccionado para realizar la Estancia acad\u00e9mica de entrenamiento en revisi\u00f3n de pares.&nbsp; Agradecemos la difusi\u00f3n y su participaci\u00f3n en esta iniciativa.<\/p><p class=\"wp-block-post-excerpt__more-text\"><a class=\"wp-block-post-excerpt__more-link\" href=\"https:\/\/premiofranciscomercado.org\/?p=1685\"><em>Ver m\u00e1s<\/em><\/a><\/p><\/div><\/div>\n<\/div>\n\n<\/li><li class=\"wp-block-post post-1647 post type-post status-publish format-standard has-post-thumbnail hentry category-uncategorized\">\n\n<div class=\"wp-block-columns alignwide is-layout-flex wp-container-core-columns-is-layout-9d6595d7 wp-block-columns-is-layout-flex\">\n<div class=\"wp-block-column is-layout-flow wp-block-column-is-layout-flow\" style=\"flex-basis:40%\"><figure style=\"aspect-ratio:1;width:300px;height:300px;\" class=\"wp-block-post-featured-image\"><a href=\"https:\/\/premiofranciscomercado.org\/?p=1647\" target=\"_self\"  style=\"height:300px\"><img loading=\"lazy\" decoding=\"async\" width=\"740\" height=\"430\" src=\"https:\/\/premiofranciscomercado.org\/wp-content\/uploads\/2026\/03\/2027.fellowship.cierre.ve_-1-740x430.png\" class=\"attachment-post-thumbnail size-post-thumbnail wp-post-image\" alt=\"Conclusi\u00f3n del periodo de recepci\u00f3n de solicitudes | Estancia acad\u00e9mica virtual de entrenamiento en la revisi\u00f3n de pares en investigaci\u00f3n cualitativa en salud\" style=\"width:100%;height:100%;object-fit:cover;\" \/><\/a><\/figure><\/div>\n\n\n\n<div class=\"wp-block-column is-layout-flow wp-block-column-is-layout-flow\" style=\"flex-basis:50%\"><h2 style=\"color:#8a1e04; font-size:28px;font-style:normal;font-weight:400;\" class=\"has-text-align-left has-link-color wp-elements-94a7be150a53da0909668f8fd5f96e4e wp-block-post-title has-text-color\"><a href=\"https:\/\/premiofranciscomercado.org\/?p=1647\" target=\"_self\" >Conclusi\u00f3n del periodo de recepci\u00f3n de solicitudes | Estancia acad\u00e9mica virtual de entrenamiento en la revisi\u00f3n de pares en investigaci\u00f3n cualitativa en salud<\/a><\/h2>\n\n<div style=\"color:#000000; font-size:14px;\" class=\"has-link-color wp-elements-c82492ad5ea709c2190877a99b22a59c wp-block-post-excerpt has-text-color\"><p class=\"wp-block-post-excerpt__excerpt\">Ha concluido el periodo de recepci\u00f3n de solicitudes. Los resultados se publicar\u00e1n el pr\u00f3ximo 27 de marzo en nuestro sitio web y redes sociales. Agradecemos la difusi\u00f3n y su participaci\u00f3n en esta iniciativa.<\/p><p class=\"wp-block-post-excerpt__more-text\"><a class=\"wp-block-post-excerpt__more-link\" href=\"https:\/\/premiofranciscomercado.org\/?p=1647\"><em>Ver m\u00e1s<\/em><\/a><\/p><\/div><\/div>\n<\/div>\n\n<\/li><\/ul><\/div>\n\n\n\n<div class=\"wp-block-buttons is-content-justification-right is-layout-flex wp-container-core-buttons-is-layout-765c4724 wp-block-buttons-is-layout-flex\">\n<div class=\"wp-block-button\"><a class=\"wp-block-button__link has-background has-text-align-center wp-element-button\" href=\"https:\/\/premiofranciscomercado.org\/?page_id=1225\" style=\"background-color:#7d0f0f\"><strong>M\u00e1s entradas<\/strong><\/a><\/div>\n<\/div>\n\n\n<div class=\"wp-block-image\">\n<figure class=\"aligncenter size-large is-resized\"><img loading=\"lazy\" decoding=\"async\" width=\"1920\" height=\"1080\" src=\"https:\/\/premiofranciscomercado.org\/wp-content\/uploads\/2023\/10\/separador-2.png?w=1024\" alt=\"\" class=\"wp-image-624\" style=\"width:50px\" srcset=\"https:\/\/premiofranciscomercado.org\/wp-content\/uploads\/2023\/10\/separador-2.png 1920w, https:\/\/premiofranciscomercado.org\/wp-content\/uploads\/2023\/10\/separador-2-300x169.png 300w, https:\/\/premiofranciscomercado.org\/wp-content\/uploads\/2023\/10\/separador-2-1024x576.png 1024w, https:\/\/premiofranciscomercado.org\/wp-content\/uploads\/2023\/10\/separador-2-768x432.png 768w, https:\/\/premiofranciscomercado.org\/wp-content\/uploads\/2023\/10\/separador-2-1536x864.png 1536w\" sizes=\"auto, (max-width: 1920px) 100vw, 1920px\" \/><\/figure>\n<\/div>\n\n\n<hr class=\"wp-block-separator has-alpha-channel-opacity\"\/>\n\n\n\n<p class=\"has-text-align-center has-white-color has-text-color has-background has-link-color wp-elements-ed90a1ca0469da04fce4dddc054eb21b\" style=\"background-color:#8a1e04;font-size:30px;font-style:normal;font-weight:300;letter-spacing:-1px;line-height:1\">\u00daltimos v\u00eddeos <\/p>\n\n\n\n<figure class=\"wp-block-embed is-type-video is-provider-youtube wp-block-embed-youtube wp-embed-aspect-16-9 wp-has-aspect-ratio\"><div class=\"wp-block-embed__wrapper\">\n<iframe loading=\"lazy\" title=\"Ceremonia de Premiaci\u00f3n y Conferencia de Tesis Premiada | Edici\u00f3n 2025\" width=\"1100\" height=\"619\" src=\"https:\/\/www.youtube.com\/embed\/YIYd3HTMF1s?feature=oembed\" frameborder=\"0\" allow=\"accelerometer; autoplay; clipboard-write; encrypted-media; gyroscope; picture-in-picture; web-share\" referrerpolicy=\"strict-origin-when-cross-origin\" allowfullscreen><\/iframe>\n<\/div><\/figure>\n\n\n\n<figure class=\"wp-block-embed is-type-video is-provider-youtube wp-block-embed-youtube wp-embed-aspect-16-9 wp-has-aspect-ratio\"><div class=\"wp-block-embed__wrapper\">\n<iframe loading=\"lazy\" title=\"La subjetividad en las pr\u00e1cticas de dictaminaci\u00f3n en la investigaci\u00f3n cualitativa en salud\" width=\"1100\" height=\"619\" src=\"https:\/\/www.youtube.com\/embed\/DkJjQM2zRd4?feature=oembed\" frameborder=\"0\" allow=\"accelerometer; autoplay; clipboard-write; encrypted-media; gyroscope; picture-in-picture; web-share\" referrerpolicy=\"strict-origin-when-cross-origin\" allowfullscreen><\/iframe>\n<\/div><\/figure>\n\n\n\n<div class=\"wp-block-buttons is-content-justification-right is-layout-flex wp-container-core-buttons-is-layout-765c4724 wp-block-buttons-is-layout-flex\">\n<div class=\"wp-block-button is-style-fill\"><a class=\"wp-block-button__link has-white-color has-text-color has-background has-link-color wp-element-button\" href=\"https:\/\/www.youtube.com\/@premiofranciscomercado\" style=\"background-color:#960404\">M\u00e1s v\u00eddeos<\/a><\/div>\n<\/div>\n","protected":false},"excerpt":{"rendered":"<p>El Premio Francisco Mercado como finalidad promover la producci\u00f3n de conocimiento de calidad entre los y las j\u00f3venes investigadores de Iberoam\u00e9rica. El premio se otorga a la mejor tesis monogr\u00e1fica de doctorado realizada con m\u00e9todos cualitativos en el \u00e1rea de la salud y en un pa\u00eds iberoamericano en reconocimiento a su calidad y contribuci\u00f3n a &hellip; <a href=\"https:\/\/premiofranciscomercado.org\/\" class=\"more-link\">Sigue leyendo <span class=\"screen-reader-text\"><\/span> <span class=\"meta-nav\">&rarr;<\/span><\/a><\/p>\n","protected":false},"author":2,"featured_media":0,"parent":0,"menu_order":0,"comment_status":"closed","ping_status":"closed","template":"","meta":{"footnotes":""},"class_list":["post-474","page","type-page","status-publish","hentry"],"_links":{"self":[{"href":"https:\/\/premiofranciscomercado.org\/index.php?rest_route=\/wp\/v2\/pages\/474","targetHints":{"allow":["GET"]}}],"collection":[{"href":"https:\/\/premiofranciscomercado.org\/index.php?rest_route=\/wp\/v2\/pages"}],"about":[{"href":"https:\/\/premiofranciscomercado.org\/index.php?rest_route=\/wp\/v2\/types\/page"}],"author":[{"embeddable":true,"href":"https:\/\/premiofranciscomercado.org\/index.php?rest_route=\/wp\/v2\/users\/2"}],"replies":[{"embeddable":true,"href":"https:\/\/premiofranciscomercado.org\/index.php?rest_route=%2Fwp%2Fv2%2Fcomments&post=474"}],"version-history":[{"count":66,"href":"https:\/\/premiofranciscomercado.org\/index.php?rest_route=\/wp\/v2\/pages\/474\/revisions"}],"predecessor-version":[{"id":1663,"href":"https:\/\/premiofranciscomercado.org\/index.php?rest_route=\/wp\/v2\/pages\/474\/revisions\/1663"}],"wp:attachment":[{"href":"https:\/\/premiofranciscomercado.org\/index.php?rest_route=%2Fwp%2Fv2%2Fmedia&parent=474"}],"curies":[{"name":"wp","href":"https:\/\/api.w.org\/{rel}","templated":true}]}}