{"id":245,"date":"2023-10-15T14:24:40","date_gmt":"2023-10-15T20:24:40","guid":{"rendered":"https:\/\/pfranciscom.wordpress.com\/?page_id=245"},"modified":"2026-04-13T16:27:00","modified_gmt":"2026-04-13T22:27:00","slug":"edicion-2020","status":"publish","type":"page","link":"https:\/\/premiofranciscomercado.org\/?page_id=245","title":{"rendered":"Edici\u00f3n 2020"},"content":{"rendered":"\n<p class=\"has-white-color has-text-color has-background has-link-color has-eb-garamond-font-family wp-elements-04c3aa261fef3e38342c143620c33d4c\" style=\"background-color:#d3812a;font-size:26px;line-height:1\"><strong>Tesis Premiada<\/strong><\/p>\n\n\n\n<div class=\"wp-block-media-text has-media-on-the-right is-stacked-on-mobile\"><div class=\"wp-block-media-text__content\">\n<p class=\"has-text-align-center has-literata-font-family\" style=\"font-size:23px;line-height:1.4\">Collective participation in health in Valle del Huasco, Northern Chile: a critical ethnography of institutional spaces for participation and social movements in a context of environmental conflict<br><a href=\"https:\/\/researchonline.lshtm.ac.uk\/id\/eprint\/4653481\/1\/2019_PHP_PhD_Hadjez_E.pdf\" target=\"_blank\" rel=\"noreferrer noopener\">Tesis<\/a> | <a href=\"https:\/\/www.cucs.udg.mx\/libros\/lectura_cucs.php?libro=conflicto_ambiental#book\/\" target=\"_blank\" rel=\"noreferrer noopener\">Libro<\/a> | <a href=\"https:\/\/www.scielosp.org\/article\/icse\/2023.v27\/e210787\/es\/\">Rese\u00f1a<\/a><\/p>\n<\/div><figure class=\"wp-block-media-text__media\"><img loading=\"lazy\" decoding=\"async\" width=\"406\" height=\"517\" src=\"https:\/\/premiofranciscomercado.org\/wp-content\/uploads\/2023\/10\/huas.png?w=406\" alt=\"\" class=\"wp-image-246 size-full\" srcset=\"https:\/\/premiofranciscomercado.org\/wp-content\/uploads\/2023\/10\/huas.png 406w, https:\/\/premiofranciscomercado.org\/wp-content\/uploads\/2023\/10\/huas-236x300.png 236w\" sizes=\"auto, (max-width: 406px) 100vw, 406px\" \/><\/figure><\/div>\n\n\n\n<div class=\"wp-block-media-text is-stacked-on-mobile\" style=\"grid-template-columns:30% auto\"><figure class=\"wp-block-media-text__media\"><img decoding=\"async\" src=\"https:\/\/premiofranciscomercado.org\/wp-content\/uploads\/2023\/10\/foto-individual-esteban-hadjez.jpg?w=819\" alt=\"\" class=\"wp-image-393 size-full\"\/><\/figure><div class=\"wp-block-media-text__content\">\n<p class=\"has-figtree-font-family has-medium-font-size\"><a href=\"https:\/\/scholar.google.cl\/citations?hl=es&amp;user=dOAz3TsAAAAJ&amp;view_op=list_works&amp;gmla=AP6z3OYjUhh5aR2W4sRFfz1IuwXkF9zPkUagPxKPIO2aW0ADq7eGd5vYPAjsvtGh1lViDeVzW9GadY3O8Meqqf__F2D5oY_yHYObVwRn\">Esteban Menahem Hadjez Berr\u00edos<\/a><br>Universidad de Valparaiso, Chile<\/p>\n<\/div><\/div>\n\n\n<div class=\"wp-block-image\">\n<figure class=\"aligncenter size-medium\"><img loading=\"lazy\" decoding=\"async\" width=\"300\" height=\"169\" src=\"https:\/\/premiofranciscomercado.org\/wp-content\/uploads\/2023\/10\/separador-300x169.png\" alt=\"\" class=\"wp-image-620\" srcset=\"https:\/\/premiofranciscomercado.org\/wp-content\/uploads\/2023\/10\/separador-300x169.png 300w, https:\/\/premiofranciscomercado.org\/wp-content\/uploads\/2023\/10\/separador-1024x576.png 1024w, https:\/\/premiofranciscomercado.org\/wp-content\/uploads\/2023\/10\/separador-768x432.png 768w, https:\/\/premiofranciscomercado.org\/wp-content\/uploads\/2023\/10\/separador-1536x864.png 1536w, https:\/\/premiofranciscomercado.org\/wp-content\/uploads\/2023\/10\/separador.png 1920w\" sizes=\"auto, (max-width: 300px) 100vw, 300px\" \/><\/figure>\n<\/div>\n\n\n<p class=\"has-text-align-center\" style=\"font-size:19px;line-height:0.8\"><strong>Miembros del Jurado<\/strong><\/p>\n\n\n\n<ul class=\"wp-block-list\">\n<li style=\"font-size:16px\">Alejandra L\u00f3pez G\u00f3mez<\/li>\n\n\n\n<li style=\"font-size:16px\">Ana Amuch\u00e1stegui Herrera<\/li>\n\n\n\n<li style=\"font-size:16px\">Beatriz San Rom\u00e1n Sobrino<\/li>\n\n\n\n<li style=\"font-size:16px\">Bernardo Jim\u00e9nez Dom\u00ednguez<\/li>\n\n\n\n<li style=\"font-size:16px\">Carlos Calder\u00f3n G\u00f3mez<\/li>\n\n\n\n<li style=\"font-size:16px\">Carolina Mart\u00ednez Salgado<\/li>\n\n\n\n<li style=\"font-size:16px\">Ciara Kierans<\/li>\n\n\n\n<li style=\"font-size:16px\">Concepci\u00f3n Zaforteza Lallemand<\/li>\n\n\n\n<li style=\"font-size:16px\">Dora Irma Cardaci Rodr\u00edguez<\/li>\n\n\n\n<li style=\"font-size:16px\">Gail Roberta Mummert Fulmer<\/li>\n\n\n\n<li style=\"font-size:16px\">Graciela Freyermuth Enciso<\/li>\n\n\n\n<li style=\"font-size:16px\">Jos\u00e9 Carlos Su\u00e1rez Herrera<\/li>\n\n\n\n<li style=\"font-size:16px\">Lilian Vieira Magalh\u00e3es<\/li>\n\n\n\n<li style=\"font-size:16px\">Lupicinio I\u00f1iguez Rueda<\/li>\n\n\n\n<li style=\"font-size:16px\">Margalida Mir\u00f3 Bonet<\/li>\n\n\n\n<li style=\"font-size:16px\">Mar\u00eda del Consuelo Chapela Mendoza<\/li>\n\n\n\n<li style=\"font-size:16px\">Mar\u00eda Hern\u00e1ndez Padilla<\/li>\n\n\n\n<li style=\"font-size:16px\">Maria In\u00eas Gandolfo Concei\u00e7\u00e3o<\/li>\n\n\n\n<li style=\"font-size:16px\">Maria L\u00facia Magalh\u00e3es Bosi<\/li>\n\n\n\n<li style=\"font-size:16px\">Mario Cardano<\/li>\n\n\n\n<li style=\"font-size:16px\">Marta Lenise do Prado<\/li>\n\n\n\n<li style=\"font-size:16px\">Mary Jane Paris Spink<\/li>\n\n\n\n<li style=\"font-size:16px\">Mauro Serapioni<\/li>\n\n\n\n<li style=\"font-size:16px\">Milagros Ramasco Guti\u00e9rrez<\/li>\n\n\n\n<li style=\"font-size:16px\">Montserrat Gea S\u00e1nchez<\/li>\n\n\n\n<li style=\"font-size:16px\">Nuria Homedes<\/li>\n\n\n\n<li style=\"font-size:16px\">Roc\u00edo Enr\u00edquez Rosas<\/li>\n\n\n\n<li style=\"font-size:16px\">Susana Margarita Rostagnol Dalmas<\/li>\n<\/ul>\n","protected":false},"excerpt":{"rendered":"<p>Tesis Premiada Collective participation in health in Valle del Huasco, Northern Chile: a critical ethnography of institutional spaces for participation and social movements in a context of environmental conflictTesis | Libro | Rese\u00f1a Esteban Menahem Hadjez Berr\u00edosUniversidad de Valparaiso, Chile Miembros del Jurado<\/p>\n","protected":false},"author":2,"featured_media":0,"parent":0,"menu_order":0,"comment_status":"closed","ping_status":"closed","template":"","meta":{"footnotes":""},"class_list":["post-245","page","type-page","status-publish","hentry"],"_links":{"self":[{"href":"https:\/\/premiofranciscomercado.org\/index.php?rest_route=\/wp\/v2\/pages\/245","targetHints":{"allow":["GET"]}}],"collection":[{"href":"https:\/\/premiofranciscomercado.org\/index.php?rest_route=\/wp\/v2\/pages"}],"about":[{"href":"https:\/\/premiofranciscomercado.org\/index.php?rest_route=\/wp\/v2\/types\/page"}],"author":[{"embeddable":true,"href":"https:\/\/premiofranciscomercado.org\/index.php?rest_route=\/wp\/v2\/users\/2"}],"replies":[{"embeddable":true,"href":"https:\/\/premiofranciscomercado.org\/index.php?rest_route=%2Fwp%2Fv2%2Fcomments&post=245"}],"version-history":[{"count":3,"href":"https:\/\/premiofranciscomercado.org\/index.php?rest_route=\/wp\/v2\/pages\/245\/revisions"}],"predecessor-version":[{"id":1709,"href":"https:\/\/premiofranciscomercado.org\/index.php?rest_route=\/wp\/v2\/pages\/245\/revisions\/1709"}],"wp:attachment":[{"href":"https:\/\/premiofranciscomercado.org\/index.php?rest_route=%2Fwp%2Fv2%2Fmedia&parent=245"}],"curies":[{"name":"wp","href":"https:\/\/api.w.org\/{rel}","templated":true}]}}