{"id":1637,"date":"2026-03-06T15:40:09","date_gmt":"2026-03-06T21:40:09","guid":{"rendered":"https:\/\/premiofranciscomercado.org\/?page_id=1637"},"modified":"2026-03-09T16:36:40","modified_gmt":"2026-03-09T22:36:40","slug":"criterios-para-evaluar-candidaturas","status":"publish","type":"page","link":"https:\/\/premiofranciscomercado.org\/?page_id=1637","title":{"rendered":"Criterios utilizados en la evaluaci\u00f3n de candidaturas en cada una de las fases"},"content":{"rendered":"\n<p class=\"has-text-align-right has-medium-font-size\"><strong><em><strong>Disponible en espa\u00f1ol y portugu\u00e9s | Dispon\u00edvel em espanhol e portugu\u00eas<\/strong><\/em><\/strong><\/p>\n\n\n\n<div class=\"wp-block-buttons is-content-justification-right is-layout-flex wp-container-core-buttons-is-layout-86a8208c wp-block-buttons-is-layout-flex\">\n<div class=\"wp-block-button is-style-fill\"><a class=\"wp-block-button__link has-background has-text-align-center wp-element-button\" href=\"https:\/\/premiofranciscomercado.org\/wp-content\/uploads\/2026\/03\/2027.Criterios-evaluacion.ve_.vp_.pdf\" style=\"border-top-left-radius:0px;border-top-right-radius:0px;border-bottom-left-radius:0px;border-bottom-right-radius:0px;background-color:#820000\" target=\"_blank\" rel=\"noreferrer noopener\">Descargar en PDF<\/a><\/div>\n<\/div>\n\n\n\n<p class=\"has-background\" style=\"background-color:#e19a00;font-size:17px\"><strong><em>Versi\u00f3n en espa\u00f1ol<\/em><\/strong><\/p>\n\n\n\n<p class=\"has-text-align-center has-white-color has-text-color has-background has-link-color wp-elements-6c2ea6857cf4a7bbc5d2e164bd17fd3d\" style=\"background-color:#7e0000;font-size:30px\"><strong>Criterios para evaluar los res\u00famenes <\/strong><strong><\/strong><\/p>\n\n\n\n<ol class=\"wp-block-list\">\n<li style=\"font-size:20px\">El problema de investigaci\u00f3n y su pregunta de investigaci\u00f3n es interesante y novedosa en el entendido de que analiza un fen\u00f3meno actual y relevante para el contexto iberoamericano, y adem\u00e1s posee un marco te\u00f3rico o conceptual.<\/li>\n\n\n\n<li style=\"font-size:20px\">La metodolog\u00eda explicita los procedimientos realizados en cada una de sus fases.<\/li>\n\n\n\n<li style=\"font-size:20px\">Los hallazgos est\u00e1n claramente identificados y sustentan las conclusiones.<\/li>\n\n\n\n<li style=\"font-size:20px\">Alg\u00fan otro punto que considere relevante de su evaluaci\u00f3n.<\/li>\n<\/ol>\n\n\n\n<p class=\"has-text-align-center has-white-color has-text-color has-background has-link-color wp-elements-aefbfddd5c0a9b67164f14d3ebf7a41a\" style=\"background-color:#7e0000;font-size:30px\"><strong>Criterios para la evaluaci\u00f3n de la tesis<\/strong><\/p>\n\n\n\n<p class=\"has-medium-font-size\"><strong>Originalidad<\/strong><strong><\/strong><\/p>\n\n\n\n<p class=\"has-medium-font-size\">Identificar si la tesis desarrolla un problema de investigaci\u00f3n original considerando los siguientes puntos:<\/p>\n\n\n\n<ul class=\"wp-block-list\">\n<li class=\"has-medium-font-size\">el problema de investigaci\u00f3n se desarrolla a partir de una nueva perspectiva o utiliza perspectivas te\u00f3ricas marginadas en el campo de la investigaci\u00f3n cualitativa en salud<\/li>\n\n\n\n<li class=\"has-medium-font-size\">las dimensiones te\u00f3ricas-anal\u00edticas identifican aspectos novedosos del fen\u00f3meno bajo estudio<\/li>\n\n\n\n<li class=\"has-medium-font-size\">desarrolla un conocimiento relevante para la regi\u00f3n Iberoamericana en el campo de la investigaci\u00f3n cualitativa en salud <\/li>\n<\/ul>\n\n\n\n<p class=\"has-medium-font-size\"><strong>Problema de investigaci\u00f3n<\/strong><br>El problema de investigaci\u00f3n delimita con claridad su relevancia y originalidad en el marco del conocimiento existente a nivel internacional y regional. Y existe coherencia te\u00f3rico-metodol\u00f3gica entre el problema de investigaci\u00f3n y sus hallazgos.<br>Utiliza las teor\u00edas sustantivas y\/o particulares de un determinado campo de conocimiento o problema de investigaci\u00f3n. <\/p>\n\n\n\n<p class=\"has-medium-font-size\"><strong>Metodolog\u00eda<\/strong><br>Identificar si la tesis posee una metodolog\u00eda robusta o s\u00f3lida, y si es el caso, si la tesis aporta una innovaci\u00f3n metodol\u00f3gica. Para ello, evaluar si los procesos y las decisiones metodol\u00f3gicas son consistentes con el problema de investigaci\u00f3n; y las estrategias metodol\u00f3gicas ya sean tradicionales o innovadoras se utilizan con rigurosidad. Adem\u00e1s, de acompa\u00f1arse de una descripci\u00f3n explicita y completa del proceso metodol\u00f3gico y argumentaci\u00f3n de las decisiones metodol\u00f3gicas.<br>Presencia de un ejercicio de reflexividad tanto metodol\u00f3gico como en la construcci\u00f3n del problema de investigaci\u00f3n y an\u00e1lisis de los datos, sin que la voz de la autora o el autor se convierta en protagonista de la pr\u00e1ctica reflexiva, y m\u00e1s bien describa sus pr\u00e1cticas concretas de reflexividad.<br>Evidenciar conductas o formas de proceder \u00e9ticas relativas al respeto por el otro, la no explotaci\u00f3n, el consentimiento informado, la reciprocidad, el anonimato, la confidencialidad, entre otros, m\u00e1s all\u00e1 de solo mencionar la aprobaci\u00f3n de la investigaci\u00f3n por un comit\u00e9 de \u00e9tica.<\/p>\n\n\n\n<p class=\"has-medium-font-size\"><strong>Resultados y Discusi\u00f3n<\/strong><br>Presentaci\u00f3n de los hallazgos en coherencia al planteamiento del problema de investigaci\u00f3n, las preguntas de investigaci\u00f3n y las teor\u00edas propuestas para construir sus explicaciones. Los resultados evidencian un nivel anal\u00edtico y no puramente descriptivo, y ofrecen interpretaciones basadas en argumentos s\u00f3lidos y sustentados tanto en evidencias emp\u00edricas como en la teor\u00eda.<br>La discusi\u00f3n resalta el m\u00e9rito de los hallazgos en t\u00e9rminos de su contribuci\u00f3n al \u00e1rea de conocimiento o campo espec\u00edfico o sustantivo y tiene relevancia para la situaci\u00f3n de salud en la regi\u00f3n iberoamericana.<br>La l\u00f3gica de la exposici\u00f3n puede ser que se expongan los hallazgos y la discusi\u00f3n de manera separada o conjunta, pero debe mantener coherencia entre ambas.<\/p>\n\n\n\n<p class=\"has-medium-font-size\"><strong>Uso de las fuentes bibliogr\u00e1ficas y literatura<\/strong><br>La autora o el autor cita a autores de la regi\u00f3n iberoamericana y no solo a autores anglosajones o locales de su pa\u00eds, dando visibilidad al conocimiento regional en el marco de la producci\u00f3n a nivel internacional. As\u00ed mismo, las fuentes son pertinentes y actualizadas, sin dejar de lado las obras seminales o cl\u00e1sicas del campo de conocimiento donde se ubica la tesis; adem\u00e1s de utilizar adecuadamente la bibliograf\u00eda como sustento de argumentos a lo largo de la tesis. La autora o el autor reconoce el conocimiento previo y explicita el aporte de nuevo conocimiento a dicho campo o fen\u00f3meno bajo estudio a partir de sus hallazgos.<\/p>\n\n\n\n<p class=\"has-medium-font-size\"><strong>Redacci\u00f3n<\/strong><br>La redacci\u00f3n estimula la lectura, el estilo es argumentativo, la narraci\u00f3n muestra viveza, propiedad y pertinencia para describir el fen\u00f3meno bajo an\u00e1lisis, y expone claramente las premisas te\u00f3ricas y emp\u00edricas que sustentan la tesis.<br>El texto es claro, pudi\u00e9ndose identificar sus diferentes secciones o apartados, cuya exposici\u00f3n es equilibrada entre sus partes y posee un eje conductor a lo largo de los cap\u00edtulos.<\/p>\n\n\n\n<p class=\"has-medium-font-size\"><strong>Evaluaci\u00f3n global<\/strong><br>De acuerdo a su evaluaci\u00f3n, explicitar si la tesis doctoral tiene los m\u00e9ritos suficientes para ser considerada una tesis finalista debido a que el manuscrito posee una gran calidad en su conjunto y en cada uno de sus apartados.<\/p>\n\n\n\n<p class=\"has-text-align-center has-white-color has-text-color has-background has-link-color wp-elements-9500c9c7341653b2bec370a7c027a0a1\" style=\"background-color:#7e0000;font-size:30px\"><strong>Criterios de evaluaci\u00f3n de las tesis finalistas<\/strong><\/p>\n\n\n\n<p class=\"has-medium-font-size\">Esta fase consiste en una evaluaci\u00f3n comparativa entre las tesis finalistas con el fin de seleccionar la mejor tesis. Primero, se analizar\u00eda cada una como obra independiente; despu\u00e9s, se comparan las tesis entre s\u00ed para determinar la tesis ganadora.<\/p>\n\n\n\n<p class=\"has-medium-font-size\"><strong><em>Evaluaci\u00f3n individual<\/em><\/strong><br>La tesis se eval\u00faa como un texto de calidad integral, es decir, sus fortalezas deben superar las debilidades existentes en cap\u00edtulos o secciones, pero tambi\u00e9n que las debilidades no comprometan los hallazgos, las interpretaciones o los aportes de nuevo conocimiento al campo de la salud.<\/p>\n\n\n\n<p class=\"has-medium-font-size\"><strong><em>Evaluaci\u00f3n comparativa<\/em><\/strong><br>La evaluaci\u00f3n comparando las tesis finalistas tiene la finalidad de identificar a la mejor, la cual destaca por:<\/p>\n\n\n\n<ul class=\"wp-block-list\">\n<li>Decisiones metodol\u00f3gicas propias y coherentes con el problema de investigaci\u00f3n.<\/li>\n\n\n\n<li>Interpretaciones sustentadas te\u00f3ricamente y derivadas de un an\u00e1lisis inductivo.<\/li>\n\n\n\n<li>Argumentaci\u00f3n alineada con los objetivos de la pregunta de investigaci\u00f3n.<\/li>\n\n\n\n<li>Relevancia del problema para la comunidad acad\u00e9mica, las instituciones de salud y la comunidad iberoamericana.<\/li>\n\n\n\n<li>Mayor avance en el conocimiento en comparaci\u00f3n con las dem\u00e1s tesis.<\/li>\n<\/ul>\n\n\n\n<p class=\"has-medium-font-size\">Adem\u00e1s, la tesis premiada ser\u00e1 seleccionada no solo por reconocer su aporte s\u00f3lido y de calidad, sino tambi\u00e9n por ser considerada un modelo inspirador para estudiantes de posgrado sobre c\u00f3mo elaborar y presentar una obra premiable.<\/p>\n\n\n\n<p><\/p>\n\n\n\n<p class=\"has-background\" style=\"background-color:#e19a00;font-size:17px\"><strong><em>Vers\u00e3o em portugu\u00eas<\/em><\/strong><\/p>\n\n\n\n<p class=\"has-text-align-center has-white-color has-text-color has-background has-link-color wp-elements-4920896bf043457fb25a8c98f22f874b\" style=\"background-color:#7e0000;font-size:30px\"><strong>Crit\u00e9rios para avaliar os resumos<\/strong><\/p>\n\n\n\n<ol class=\"wp-block-list\">\n<li class=\"has-medium-font-size\">O problema de pesquisa e sua pergunta de pesquisa \u00e9 interessante e original, no sentido de que analisa um fen\u00f4meno atual e relevante para o contexto ibero-americano e, al\u00e9m disso, possui um referencial te\u00f3rico ou conceitual.<\/li>\n\n\n\n<li class=\"has-medium-font-size\">A metodologia \u00e9 expl\u00edcita sobre os procedimentos realizados em cada uma de suas fases.<\/li>\n\n\n\n<li class=\"has-medium-font-size\">Os resultados est\u00e3o claramente identificados e sustentam as conclus\u00f5es.<\/li>\n\n\n\n<li class=\"has-medium-font-size\">Algum outro ponto que considere relevante em sua avalia\u00e7\u00e3o.<\/li>\n<\/ol>\n\n\n\n<p class=\"has-text-align-center has-white-color has-text-color has-background has-link-color wp-elements-afa3705f799ead027dc7cfbd4f33010a\" style=\"background-color:#7e0000;font-size:30px\"><strong>Modelo para a Avalia\u00e7\u00e3o da Tese<\/strong><\/p>\n\n\n\n<p class=\"has-medium-font-size\"><strong>Originalidade<\/strong><br>Identificar se a tese desenvolve um problema de pesquisa original considerando os seguintes pontos:<\/p>\n\n\n\n<ul class=\"wp-block-list\">\n<li>O problema de pesquisa \u00e9 desenvolvido a partir de uma nova perspectiva ou utiliza perspectivas te\u00f3ricas marginalizadas no campo da pesquisa qualitativa em sa\u00fade<\/li>\n\n\n\n<li>As dimens\u00f5es te\u00f3rico-anal\u00edticas identificam aspectos in\u00e9ditos do fen\u00f4meno em estudo<\/li>\n\n\n\n<li>Desenvolve um conhecimento relevante para a regi\u00e3o Ibero-Americana no campo da pesquisa qualitativa em sa\u00fade<\/li>\n<\/ul>\n\n\n\n<p class=\"has-medium-font-size\"><strong>Problema de pesquisa<\/strong><br>Descrever se o problema de pesquisa \u00e9 delimitado com clareza em sua relev\u00e2ncia e originalidade no marco do conhecimento existente a n\u00edvel internacional e regional e se existe coer\u00eancia te\u00f3rico-metodol\u00f3gica entre o problema de pesquisa e os resultados do estudo.<\/p>\n\n\n\n<p class=\"has-medium-font-size\">Comentar se o autor ou autora utiliza teorias substantivas e\/ou particulares de um determinado campo de conhecimento para apresentar o problema de pesquisa.<\/p>\n\n\n\n<p class=\"has-medium-font-size\"><strong>Metodologia<\/strong><br>Identificar se a tese possui uma metodologia robusta ou s\u00f3lida, e, se for o caso, se a tese aporta uma inova\u00e7\u00e3o metodol\u00f3gica. Para isso, avaliar se os processos e as decis\u00f5es metodol\u00f3gicas s\u00e3o consistentes com o problema de pesquisa e se as estrat\u00e9gias metodol\u00f3gicas, sejam tradicionais ou inovadoras, s\u00e3o utilizadas de forma rigorosa. Al\u00e9m disso, se acompanham uma descri\u00e7\u00e3o expl\u00edcita e completa do processo metodol\u00f3gico e argumenta\u00e7\u00e3o das decis\u00f5es metodol\u00f3gicas.<br>Buscar a presen\u00e7a de um exerc\u00edcio de reflexividade tanto metodol\u00f3gica como na constru\u00e7\u00e3o do problema de pesquisa e an\u00e1lise dos dados, sem que a voz da autora ou do autor se torne a \u00fanica protagonista da pr\u00e1tica reflexiva, mas ao contr\u00e1rio, descreva suas pr\u00e1ticas concretas de reflexividade.<br>Mostrar evid\u00eancias de condutas ou formas de proceder \u00e9ticas relativas ao respeito pelo outro, a n\u00e3o explora\u00e7\u00e3o, o consentimento informado, a reciprocidade, o anonimato, a confidencialidade, entre outros, al\u00e9m de apenas mencionar a aprova\u00e7\u00e3o da pesquisa por um comit\u00ea de \u00e9tica.<\/p>\n\n\n\n<p class=\"has-medium-font-size\"><strong>Resultados e Discuss\u00e3o<\/strong><br>Identificar se a apresenta\u00e7\u00e3o dos resultados tem coer\u00eancia com a proposta do problema de pesquisa, as perguntas de pesquisa e as teorias utilizadas. Os resultados devem evidenciar um n\u00edvel anal\u00edtico e n\u00e3o puramente descritivo, al\u00e9m de oferecer interpreta\u00e7\u00f5es baseadas em argumentos s\u00f3lidos e sustentados em evid\u00eancias emp\u00edricas e na teoria.<br>Descrever se a discuss\u00e3o ressalta o m\u00e9rito dos resultados em termos de sua contribui\u00e7\u00e3o para a \u00e1rea de saber ou campo espec\u00edfico e tem relev\u00e2ncia para a situa\u00e7\u00e3o de sa\u00fade na regi\u00e3o da Ibero-Am\u00e9rica.<br>Pode ser que a l\u00f3gica da exposi\u00e7\u00e3o tenha os resultados e a discuss\u00e3o expostos num mesmo cap\u00edtulo ou em dois, mas o importante \u00e9 que estejam claramente articulados.<\/p>\n\n\n\n<p class=\"has-medium-font-size\"><strong>Uso de fontes bibliogr\u00e1ficas e literatura<\/strong><br>Comentar se a autora ou o autor cita autores da regi\u00e3o ibero-americana e n\u00e3o apenas autores anglo-sax\u00f5es ou locais de seu pa\u00eds, dando visibilidade ao conhecimento regional no marco da produ\u00e7\u00e3o a n\u00edvel internacional. Da mesma forma, as fontes s\u00e3o pertinentes e atualizadas, sem deixar de lado as obras seminais ou cl\u00e1ssicas do campo de conhecimento em que se situa a tese e se utiliza adequadamente a bibliografia para sustentar argumentos ao longo da tese. Finalmente, se a autora ou o autor reconhece o conhecimento pr\u00e9vio e explicita a sua contribui\u00e7\u00e3o de novo conhecimento para dito campo ou fen\u00f4meno.<\/p>\n\n\n\n<p class=\"has-medium-font-size\"><strong>Reda\u00e7\u00e3o<\/strong><br>Comentar se a escrita estimula a leitura, se o estilo \u00e9 argumentativo, a narra\u00e7\u00e3o mostra vivacidade, propriedade e relev\u00e2ncia para descrever o fen\u00f4meno em an\u00e1lise e exp\u00f5e com clareza os pressupostos te\u00f3ricos e emp\u00edricos que sustentam a tese e, ainda, se&nbsp; o texto \u00e9 claro, identificando suas diferentes se\u00e7\u00f5es com uma exposi\u00e7\u00e3o equilibrada entre suas partes e com um eixo norteador ao longo dos cap\u00edtulos.<\/p>\n\n\n\n<p class=\"has-medium-font-size\"><strong>Avalia\u00e7\u00e3o geral<\/strong><br>Em sua opini\u00e3o, especifique se a tese tem m\u00e9rito suficiente para ser considerada finalista, pois o manuscrito tem alta qualidade como um todo e em cada uma de suas se\u00e7\u00f5es.<\/p>\n\n\n\n<p class=\"has-text-align-center has-white-color has-text-color has-background has-link-color wp-elements-8b1b45ffd92025f078296ad3514240be\" style=\"background-color:#7e0000;font-size:30px\"><strong>Crit\u00e9rios de avalia\u00e7\u00e3o das teses finalistas<\/strong><\/p>\n\n\n\n<p class=\"has-medium-font-size\">Esta fase consiste em uma avalia\u00e7\u00e3o comparativa entre as teses finalistas para selecionar a melhor tese. Primeiro, analisa-se cada uma como obra independente; depois, comparam-se as teses entre si para determinar a tese vencedora.<\/p>\n\n\n\n<p class=\"has-medium-font-size\"><strong><em>Avalia\u00e7\u00e3o individual<\/em><\/strong><\/p>\n\n\n\n<p class=\"has-medium-font-size\">A tese \u00e9 avaliada como um texto de qualidade integral, ou seja, suas for\u00e7as devem superar as fraquezas existentes em cap\u00edtulos ou se\u00e7\u00f5es, mas tamb\u00e9m que as limita\u00e7\u00f5es n\u00e3o comprometam os resultados, as interpreta\u00e7\u00f5es ou as contribui\u00e7\u00f5es de novo conhecimento ao campo da sa\u00fade.<\/p>\n\n\n\n<p class=\"has-medium-font-size\"><strong><em>Avalia\u00e7\u00e3o comparativa<\/em><\/strong><\/p>\n\n\n\n<p class=\"has-medium-font-size\">A avalia\u00e7\u00e3o comparando as teses finalistas tem o objetivo de identificar a melhor, que se destaca por:<\/p>\n\n\n\n<ul class=\"wp-block-list\">\n<li class=\"has-medium-font-size\">Decis\u00f5es metodol\u00f3gicas pr\u00f3prias e coerentes em rela\u00e7\u00e3o ao problema de pesquisa.<\/li>\n\n\n\n<li class=\"has-medium-font-size\">Interpreta\u00e7\u00f5es sustentadas teoricamente e derivadas de uma an\u00e1lise indutiva.<\/li>\n\n\n\n<li class=\"has-medium-font-size\">Argumenta\u00e7\u00e3o alinhada com os objetivos da pergunta de pesquisa.<\/li>\n\n\n\n<li class=\"has-medium-font-size\">Relev\u00e2ncia do problema para a comunidade acad\u00eamica, as institui\u00e7\u00f5es de sa\u00fade e a comunidade ibero-americana.<\/li>\n\n\n\n<li class=\"has-medium-font-size\">Maior avan\u00e7o no conhecimento em compara\u00e7\u00e3o com as demais teses.<\/li>\n<\/ul>\n\n\n\n<p class=\"has-medium-font-size\">Al\u00e9m disso, a tese premiada ser\u00e1 selecionada n\u00e3o apenas por sua contribui\u00e7\u00e3o s\u00f3lida e de qualidade, mas tamb\u00e9m por ser considerada como um modelo inspirador para estudantes de p\u00f3s-gradua\u00e7\u00e3o sobre como elaborar e apresentar uma obra premi\u00e1vel.<\/p>\n\n\n<div class=\"wp-block-image\">\n<figure class=\"aligncenter size-large is-resized\"><img loading=\"lazy\" decoding=\"async\" width=\"819\" height=\"1024\" src=\"https:\/\/premiofranciscomercado.org\/wp-content\/uploads\/2024\/03\/no-photo2-819x1024.png\" alt=\"\" class=\"wp-image-1203\" style=\"width:100px\" srcset=\"https:\/\/premiofranciscomercado.org\/wp-content\/uploads\/2024\/03\/no-photo2-819x1024.png 819w, https:\/\/premiofranciscomercado.org\/wp-content\/uploads\/2024\/03\/no-photo2-240x300.png 240w, https:\/\/premiofranciscomercado.org\/wp-content\/uploads\/2024\/03\/no-photo2-768x960.png 768w, https:\/\/premiofranciscomercado.org\/wp-content\/uploads\/2024\/03\/no-photo2.png 1080w\" sizes=\"auto, (max-width: 819px) 100vw, 819px\" \/><\/figure>\n<\/div>\n\n\n<div data-wp-interactive=\"core\/file\" class=\"wp-block-file\"><object data-wp-bind--hidden=\"!state.hasPdfPreview\" hidden class=\"wp-block-file__embed\" data=\"https:\/\/premiofranciscomercado.org\/wp-content\/uploads\/2026\/03\/2027.Criterios-evaluacion.ve_.vp_.pdf\" type=\"application\/pdf\" style=\"width:100%;height:600px\" aria-label=\"Incrustado de 2027.Criterios evaluacion.ve.vp.\"><\/object><a id=\"wp-block-file--media-8e8ed25f-5176-4f7c-ada6-6fc41b47e990\" href=\"https:\/\/premiofranciscomercado.org\/wp-content\/uploads\/2026\/03\/2027.Criterios-evaluacion.ve_.vp_.pdf\">2027.Criterios evaluacion.ve.vp<\/a><a href=\"https:\/\/premiofranciscomercado.org\/wp-content\/uploads\/2026\/03\/2027.Criterios-evaluacion.ve_.vp_.pdf\" class=\"wp-block-file__button wp-element-button\" download aria-describedby=\"wp-block-file--media-8e8ed25f-5176-4f7c-ada6-6fc41b47e990\">Descarga<\/a><\/div>\n","protected":false},"excerpt":{"rendered":"<p>Disponible en espa\u00f1ol y portugu\u00e9s | Dispon\u00edvel em espanhol e portugu\u00eas Versi\u00f3n en espa\u00f1ol Criterios para evaluar los res\u00famenes Criterios para la evaluaci\u00f3n de la tesis Originalidad Identificar si la tesis desarrolla un problema de investigaci\u00f3n original considerando los siguientes puntos: Problema de investigaci\u00f3nEl problema de investigaci\u00f3n delimita con claridad su relevancia y originalidad en &hellip; <a href=\"https:\/\/premiofranciscomercado.org\/?page_id=1637\" class=\"more-link\">Sigue leyendo <span class=\"screen-reader-text\">Criterios utilizados en la evaluaci\u00f3n de candidaturas en cada una de las fases<\/span> <span class=\"meta-nav\">&rarr;<\/span><\/a><\/p>\n","protected":false},"author":2,"featured_media":0,"parent":0,"menu_order":0,"comment_status":"closed","ping_status":"closed","template":"","meta":{"footnotes":""},"class_list":["post-1637","page","type-page","status-publish","hentry"],"_links":{"self":[{"href":"https:\/\/premiofranciscomercado.org\/index.php?rest_route=\/wp\/v2\/pages\/1637","targetHints":{"allow":["GET"]}}],"collection":[{"href":"https:\/\/premiofranciscomercado.org\/index.php?rest_route=\/wp\/v2\/pages"}],"about":[{"href":"https:\/\/premiofranciscomercado.org\/index.php?rest_route=\/wp\/v2\/types\/page"}],"author":[{"embeddable":true,"href":"https:\/\/premiofranciscomercado.org\/index.php?rest_route=\/wp\/v2\/users\/2"}],"replies":[{"embeddable":true,"href":"https:\/\/premiofranciscomercado.org\/index.php?rest_route=%2Fwp%2Fv2%2Fcomments&post=1637"}],"version-history":[{"count":7,"href":"https:\/\/premiofranciscomercado.org\/index.php?rest_route=\/wp\/v2\/pages\/1637\/revisions"}],"predecessor-version":[{"id":1645,"href":"https:\/\/premiofranciscomercado.org\/index.php?rest_route=\/wp\/v2\/pages\/1637\/revisions\/1645"}],"wp:attachment":[{"href":"https:\/\/premiofranciscomercado.org\/index.php?rest_route=%2Fwp%2Fv2%2Fmedia&parent=1637"}],"curies":[{"name":"wp","href":"https:\/\/api.w.org\/{rel}","templated":true}]}}