{"id":1310,"date":"2025-04-04T15:09:59","date_gmt":"2025-04-04T21:09:59","guid":{"rendered":"https:\/\/premiofranciscomercado.org\/?page_id=1310"},"modified":"2026-04-23T11:09:05","modified_gmt":"2026-04-23T17:09:05","slug":"comite-de-dictaminadores-2","status":"publish","type":"page","link":"https:\/\/premiofranciscomercado.org\/?page_id=1310","title":{"rendered":"Comit\u00e9 de Dictaminadores"},"content":{"rendered":"\n<p>Lo forman los acad\u00e9micos y las acad\u00e9micas expertas con amplia trayectoria y reconocimiento en el campo de la investigaci\u00f3n cualitativa. En cada Edici\u00f3n del premio, un grupo de ellos y ellas forman el Jurado que dictaminar\u00e1 el valor de las tesis candidatas al premio. <br><strong>[En construcci\u00f3n]<\/strong><\/p>\n\n\n\n<div class=\"wp-block-media-text is-stacked-on-mobile\" style=\"grid-template-columns:18% auto\"><figure class=\"wp-block-media-text__media\"><img loading=\"lazy\" decoding=\"async\" width=\"381\" height=\"476\" src=\"https:\/\/premiofranciscomercado.org\/wp-content\/uploads\/2026\/03\/Albertina-Mitjans-Martinzes.jpg\" alt=\"\" class=\"wp-image-1675 size-full\" srcset=\"https:\/\/premiofranciscomercado.org\/wp-content\/uploads\/2026\/03\/Albertina-Mitjans-Martinzes.jpg 381w, https:\/\/premiofranciscomercado.org\/wp-content\/uploads\/2026\/03\/Albertina-Mitjans-Martinzes-240x300.jpg 240w\" sizes=\"auto, (max-width: 381px) 100vw, 381px\" \/><\/figure><div class=\"wp-block-media-text__content\">\n<p class=\"has-medium-font-size\"><strong><a href=\"http:\/\/lattes.cnpq.br\/1808703911572925\" target=\"_blank\" rel=\"noreferrer noopener\">Albertina Mitjans Mart\u00ednez<\/a><\/strong><br>Universidade de Brasilia, Brasil<\/p>\n<\/div><\/div>\n\n\n\n<div class=\"wp-block-media-text is-stacked-on-mobile\" style=\"grid-template-columns:18% auto\"><figure class=\"wp-block-media-text__media\"><img loading=\"lazy\" decoding=\"async\" width=\"819\" height=\"1024\" src=\"https:\/\/premiofranciscomercado.org\/wp-content\/uploads\/2023\/11\/branco-fraga-1-819x1024.jpg\" alt=\"\" class=\"wp-image-717 size-full\" srcset=\"https:\/\/premiofranciscomercado.org\/wp-content\/uploads\/2023\/11\/branco-fraga-1-819x1024.jpg 819w, https:\/\/premiofranciscomercado.org\/wp-content\/uploads\/2023\/11\/branco-fraga-1-240x300.jpg 240w, https:\/\/premiofranciscomercado.org\/wp-content\/uploads\/2023\/11\/branco-fraga-1-768x960.jpg 768w, https:\/\/premiofranciscomercado.org\/wp-content\/uploads\/2023\/11\/branco-fraga-1-1229x1536.jpg 1229w, https:\/\/premiofranciscomercado.org\/wp-content\/uploads\/2023\/11\/branco-fraga-1.jpg 1287w\" sizes=\"auto, (max-width: 819px) 100vw, 819px\" \/><\/figure><div class=\"wp-block-media-text__content\">\n<p class=\"has-medium-font-size\"><strong><a href=\"https:\/\/orcid.org\/0000-0002-6881-1446\" target=\"_blank\" rel=\"noreferrer noopener\">Alex Branco Fraga<\/a><\/strong><br>Universidade Federal do Rio Grande do Sul, Brasil | University of Toronto, Canad\u00e1<\/p>\n<\/div><\/div>\n\n\n\n<div class=\"wp-block-media-text is-stacked-on-mobile\" style=\"grid-template-columns:18% auto\"><figure class=\"wp-block-media-text__media\"><img loading=\"lazy\" decoding=\"async\" width=\"608\" height=\"760\" src=\"https:\/\/premiofranciscomercado.org\/wp-content\/uploads\/2026\/02\/Alicia.jpeg\" alt=\"\" class=\"wp-image-1591 size-full\" srcset=\"https:\/\/premiofranciscomercado.org\/wp-content\/uploads\/2026\/02\/Alicia.jpeg 608w, https:\/\/premiofranciscomercado.org\/wp-content\/uploads\/2026\/02\/Alicia-240x300.jpeg 240w\" sizes=\"auto, (max-width: 608px) 100vw, 608px\" \/><\/figure><div class=\"wp-block-media-text__content\">\n<p class=\"has-medium-font-size\"><strong><a href=\"https:\/\/orcid.org\/0000-0002-7588-5152\" target=\"_blank\" rel=\"noreferrer noopener\">Alicia Navarro de Souza<\/a><\/strong><br>Universidade Federal do Rio de Janeiro, Brasil<\/p>\n<\/div><\/div>\n\n\n\n<div class=\"wp-block-media-text is-stacked-on-mobile\" style=\"grid-template-columns:18% auto\"><figure class=\"wp-block-media-text__media\"><img loading=\"lazy\" decoding=\"async\" width=\"819\" height=\"1024\" src=\"https:\/\/premiofranciscomercado.org\/wp-content\/uploads\/2026\/02\/Andreza-Rodrigues-54-819x1024.jpg\" alt=\"\" class=\"wp-image-1586 size-full\" srcset=\"https:\/\/premiofranciscomercado.org\/wp-content\/uploads\/2026\/02\/Andreza-Rodrigues-54-819x1024.jpg 819w, https:\/\/premiofranciscomercado.org\/wp-content\/uploads\/2026\/02\/Andreza-Rodrigues-54-240x300.jpg 240w, https:\/\/premiofranciscomercado.org\/wp-content\/uploads\/2026\/02\/Andreza-Rodrigues-54-768x960.jpg 768w, https:\/\/premiofranciscomercado.org\/wp-content\/uploads\/2026\/02\/Andreza-Rodrigues-54-1229x1536.jpg 1229w, https:\/\/premiofranciscomercado.org\/wp-content\/uploads\/2026\/02\/Andreza-Rodrigues-54-1638x2048.jpg 1638w, https:\/\/premiofranciscomercado.org\/wp-content\/uploads\/2026\/02\/Andreza-Rodrigues-54-1100x1375.jpg 1100w, https:\/\/premiofranciscomercado.org\/wp-content\/uploads\/2026\/02\/Andreza-Rodrigues-54.jpg 1836w\" sizes=\"auto, (max-width: 819px) 100vw, 819px\" \/><\/figure><div class=\"wp-block-media-text__content\">\n<p class=\"has-medium-font-size\"><strong><a href=\"https:\/\/orcid.org\/0000-0002-1873-5828\" target=\"_blank\" rel=\"noreferrer noopener\">Andreza Rodrigues<\/a><\/strong><br>Universidade Federal do Rio de Janeiro, Brasil<\/p>\n<\/div><\/div>\n\n\n\n<div class=\"wp-block-media-text is-stacked-on-mobile\" style=\"grid-template-columns:18% auto\"><figure class=\"wp-block-media-text__media\"><img loading=\"lazy\" decoding=\"async\" width=\"386\" height=\"482\" src=\"https:\/\/premiofranciscomercado.org\/wp-content\/uploads\/2024\/02\/Antonio-Pedro-Costa.png\" alt=\"\" class=\"wp-image-1180 size-full\" srcset=\"https:\/\/premiofranciscomercado.org\/wp-content\/uploads\/2024\/02\/Antonio-Pedro-Costa.png 386w, https:\/\/premiofranciscomercado.org\/wp-content\/uploads\/2024\/02\/Antonio-Pedro-Costa-240x300.png 240w\" sizes=\"auto, (max-width: 386px) 100vw, 386px\" \/><\/figure><div class=\"wp-block-media-text__content\">\n<p class=\"has-medium-font-size\"><strong><a href=\"http:\/\/orcid.org\/0000-0002-4644-5879\" target=\"_blank\" rel=\"noreferrer noopener\">Ant\u00f3nio Pedro Costa<\/a><\/strong><br>Universidade de Aveiro, Portugal<\/p>\n<\/div><\/div>\n\n\n\n<div class=\"wp-block-media-text is-stacked-on-mobile\" style=\"grid-template-columns:18% auto\"><figure class=\"wp-block-media-text__media\"><img loading=\"lazy\" decoding=\"async\" width=\"819\" height=\"1024\" src=\"https:\/\/premiofranciscomercado.org\/wp-content\/uploads\/2026\/03\/Azucena-Ojeda-819x1024.jpg\" alt=\"\" class=\"wp-image-1655 size-full\" srcset=\"https:\/\/premiofranciscomercado.org\/wp-content\/uploads\/2026\/03\/Azucena-Ojeda-819x1024.jpg 819w, https:\/\/premiofranciscomercado.org\/wp-content\/uploads\/2026\/03\/Azucena-Ojeda-240x300.jpg 240w, https:\/\/premiofranciscomercado.org\/wp-content\/uploads\/2026\/03\/Azucena-Ojeda-768x960.jpg 768w, https:\/\/premiofranciscomercado.org\/wp-content\/uploads\/2026\/03\/Azucena-Ojeda.jpg 1080w\" sizes=\"auto, (max-width: 819px) 100vw, 819px\" \/><\/figure><div class=\"wp-block-media-text__content\">\n<p class=\"has-medium-font-size\"><strong><a href=\"https:\/\/unam1.academia.edu\/Ojeda\" target=\"_blank\" rel=\"noreferrer noopener\">Azucena Ojeda S\u00e1nchez<\/a><\/strong><br>Universidad Nacional Aut\u00f3noma de M\u00e9xico &#8211; Facultad de Estudios Superiores Zaragoza, M\u00e9xico<\/p>\n<\/div><\/div>\n\n\n\n<div class=\"wp-block-media-text is-stacked-on-mobile\" style=\"grid-template-columns:18% auto\"><figure class=\"wp-block-media-text__media\"><img loading=\"lazy\" decoding=\"async\" width=\"819\" height=\"1024\" src=\"https:\/\/premiofranciscomercado.org\/wp-content\/uploads\/2023\/10\/belen-castrillo-819x1024.jpg\" alt=\"\" class=\"wp-image-382 size-full\" srcset=\"https:\/\/premiofranciscomercado.org\/wp-content\/uploads\/2023\/10\/belen-castrillo-819x1024.jpg 819w, https:\/\/premiofranciscomercado.org\/wp-content\/uploads\/2023\/10\/belen-castrillo-240x300.jpg 240w, https:\/\/premiofranciscomercado.org\/wp-content\/uploads\/2023\/10\/belen-castrillo-768x960.jpg 768w, https:\/\/premiofranciscomercado.org\/wp-content\/uploads\/2023\/10\/belen-castrillo-1229x1536.jpg 1229w, https:\/\/premiofranciscomercado.org\/wp-content\/uploads\/2023\/10\/belen-castrillo-1638x2048.jpg 1638w, https:\/\/premiofranciscomercado.org\/wp-content\/uploads\/2023\/10\/belen-castrillo-scaled.jpg 2048w\" sizes=\"auto, (max-width: 819px) 100vw, 819px\" \/><\/figure><div class=\"wp-block-media-text__content\">\n<p class=\"has-medium-font-size\"><a href=\"https:\/\/scholar.google.com.ar\/citations?user=qqHUvJ4AAAAJ&amp;hl=es\"><strong>Bel\u00e9n Castrillo<\/strong><\/a><br>CONICET | Universidad Nacional de La Plata, Argentina<\/p>\n<\/div><\/div>\n\n\n\n<div class=\"wp-block-media-text is-stacked-on-mobile\" style=\"grid-template-columns:18% auto\"><figure class=\"wp-block-media-text__media\"><img loading=\"lazy\" decoding=\"async\" width=\"819\" height=\"1024\" src=\"https:\/\/premiofranciscomercado.org\/wp-content\/uploads\/2026\/02\/Benedito-Medrano-819x1024.jpeg\" alt=\"\" class=\"wp-image-1599 size-full\" srcset=\"https:\/\/premiofranciscomercado.org\/wp-content\/uploads\/2026\/02\/Benedito-Medrano-819x1024.jpeg 819w, https:\/\/premiofranciscomercado.org\/wp-content\/uploads\/2026\/02\/Benedito-Medrano-240x300.jpeg 240w, https:\/\/premiofranciscomercado.org\/wp-content\/uploads\/2026\/02\/Benedito-Medrano-768x960.jpeg 768w, https:\/\/premiofranciscomercado.org\/wp-content\/uploads\/2026\/02\/Benedito-Medrano-1229x1536.jpeg 1229w, https:\/\/premiofranciscomercado.org\/wp-content\/uploads\/2026\/02\/Benedito-Medrano-1638x2048.jpeg 1638w, https:\/\/premiofranciscomercado.org\/wp-content\/uploads\/2026\/02\/Benedito-Medrano-1100x1375.jpeg 1100w, https:\/\/premiofranciscomercado.org\/wp-content\/uploads\/2026\/02\/Benedito-Medrano.jpeg 1818w\" sizes=\"auto, (max-width: 819px) 100vw, 819px\" \/><\/figure><div class=\"wp-block-media-text__content\">\n<p class=\"has-medium-font-size\"><strong><a href=\"https:\/\/scholar.google.com\/citations?user=KpBj4bcAAAAJ&amp;hl=pt-BR\">Benedito Medrado<\/a><\/strong><br>Universidade Federal de Pernanbuco, Brasil<\/p>\n<\/div><\/div>\n\n\n\n<div class=\"wp-block-media-text is-stacked-on-mobile\" style=\"grid-template-columns:18% auto\"><figure class=\"wp-block-media-text__media\"><img loading=\"lazy\" decoding=\"async\" width=\"620\" height=\"775\" src=\"https:\/\/premiofranciscomercado.org\/wp-content\/uploads\/2023\/10\/bernardo-jimenez.png\" alt=\"\" class=\"wp-image-386 size-full\" srcset=\"https:\/\/premiofranciscomercado.org\/wp-content\/uploads\/2023\/10\/bernardo-jimenez.png 620w, https:\/\/premiofranciscomercado.org\/wp-content\/uploads\/2023\/10\/bernardo-jimenez-240x300.png 240w\" sizes=\"auto, (max-width: 620px) 100vw, 620px\" \/><\/figure><div class=\"wp-block-media-text__content\">\n<p class=\"has-medium-font-size\"><strong><a href=\"https:\/\/orcid.org\/0000-0002-8013-912X\">Bernardo Jim\u00e9nez-Dom\u00ednguez<\/a><\/strong><br>Universidad de Guadalajara, M\u00e9xico<\/p>\n<\/div><\/div>\n\n\n\n<div class=\"wp-block-media-text is-stacked-on-mobile\" style=\"grid-template-columns:18% auto\"><figure class=\"wp-block-media-text__media\"><img loading=\"lazy\" decoding=\"async\" width=\"764\" height=\"955\" src=\"https:\/\/premiofranciscomercado.org\/wp-content\/uploads\/2023\/12\/Betina-Freidin.png\" alt=\"\" class=\"wp-image-1092 size-full\" srcset=\"https:\/\/premiofranciscomercado.org\/wp-content\/uploads\/2023\/12\/Betina-Freidin.png 764w, https:\/\/premiofranciscomercado.org\/wp-content\/uploads\/2023\/12\/Betina-Freidin-240x300.png 240w\" sizes=\"auto, (max-width: 764px) 100vw, 764px\" \/><\/figure><div class=\"wp-block-media-text__content\">\n<p class=\"has-medium-font-size\"><strong><a href=\"https:\/\/orcid.org\/0000-0001-7458-2160\">Betina Freidin<\/a><\/strong><br>Investigadora del CONICET | Universidad de Buenos Aires, Argentina<\/p>\n<\/div><\/div>\n\n\n\n<div class=\"wp-block-media-text is-stacked-on-mobile\" style=\"grid-template-columns:18% auto\"><figure class=\"wp-block-media-text__media\"><img loading=\"lazy\" decoding=\"async\" width=\"819\" height=\"1024\" src=\"https:\/\/premiofranciscomercado.org\/wp-content\/uploads\/2026\/03\/Camelia-Lopez-819x1024.jpg\" alt=\"\" class=\"wp-image-1673 size-full\" srcset=\"https:\/\/premiofranciscomercado.org\/wp-content\/uploads\/2026\/03\/Camelia-Lopez-819x1024.jpg 819w, https:\/\/premiofranciscomercado.org\/wp-content\/uploads\/2026\/03\/Camelia-Lopez-240x300.jpg 240w, https:\/\/premiofranciscomercado.org\/wp-content\/uploads\/2026\/03\/Camelia-Lopez-768x960.jpg 768w, https:\/\/premiofranciscomercado.org\/wp-content\/uploads\/2026\/03\/Camelia-Lopez-1229x1536.jpg 1229w, https:\/\/premiofranciscomercado.org\/wp-content\/uploads\/2026\/03\/Camelia-Lopez-1639x2048.jpg 1639w, https:\/\/premiofranciscomercado.org\/wp-content\/uploads\/2026\/03\/Camelia-Lopez-1100x1375.jpg 1100w, https:\/\/premiofranciscomercado.org\/wp-content\/uploads\/2026\/03\/Camelia-Lopez-scaled.jpg 2048w\" sizes=\"auto, (max-width: 819px) 100vw, 819px\" \/><\/figure><div class=\"wp-block-media-text__content\">\n<p class=\"has-medium-font-size\"><strong><a href=\"https:\/\/orcid.org\/0000-0001-5073-6292\" target=\"_blank\" rel=\"noreferrer noopener\">Camelia Viviana L\u00f3pez Deflory<\/a><\/strong><br>Universitat de les Illes Balears, Espa\u00f1a<\/p>\n<\/div><\/div>\n\n\n\n<div class=\"wp-block-media-text is-stacked-on-mobile\" style=\"grid-template-columns:18% auto\"><figure class=\"wp-block-media-text__media\"><img loading=\"lazy\" decoding=\"async\" width=\"750\" height=\"938\" src=\"https:\/\/premiofranciscomercado.org\/wp-content\/uploads\/2026\/03\/Carlos-Yepes.png\" alt=\"\" class=\"wp-image-1669 size-full\" srcset=\"https:\/\/premiofranciscomercado.org\/wp-content\/uploads\/2026\/03\/Carlos-Yepes.png 750w, https:\/\/premiofranciscomercado.org\/wp-content\/uploads\/2026\/03\/Carlos-Yepes-240x300.png 240w\" sizes=\"auto, (max-width: 750px) 100vw, 750px\" \/><\/figure><div class=\"wp-block-media-text__content\">\n<p class=\"has-medium-font-size\"><strong><a href=\"https:\/\/scholar.google.com\/citations?view_op=list_works&amp;hl=es&amp;user=nHpjFAcAAAAJ\" target=\"_blank\" rel=\"noreferrer noopener\">Carlos Enrique Yepes Delgado<\/a><\/strong><br>Universidad de Antioquia, Colombia<\/p>\n<\/div><\/div>\n\n\n\n<div class=\"wp-block-media-text is-stacked-on-mobile\" style=\"grid-template-columns:18% auto\"><figure class=\"wp-block-media-text__media\"><img loading=\"lazy\" decoding=\"async\" width=\"819\" height=\"1024\" src=\"https:\/\/premiofranciscomercado.org\/wp-content\/uploads\/2026\/03\/carolina-agoff-819x1024.jpg\" alt=\"\" class=\"wp-image-1682 size-full\" srcset=\"https:\/\/premiofranciscomercado.org\/wp-content\/uploads\/2026\/03\/carolina-agoff-819x1024.jpg 819w, https:\/\/premiofranciscomercado.org\/wp-content\/uploads\/2026\/03\/carolina-agoff-240x300.jpg 240w, https:\/\/premiofranciscomercado.org\/wp-content\/uploads\/2026\/03\/carolina-agoff-768x960.jpg 768w, https:\/\/premiofranciscomercado.org\/wp-content\/uploads\/2026\/03\/carolina-agoff-1228x1536.jpg 1228w, https:\/\/premiofranciscomercado.org\/wp-content\/uploads\/2026\/03\/carolina-agoff-1100x1375.jpg 1100w, https:\/\/premiofranciscomercado.org\/wp-content\/uploads\/2026\/03\/carolina-agoff.jpg 1354w\" sizes=\"auto, (max-width: 819px) 100vw, 819px\" \/><\/figure><div class=\"wp-block-media-text__content\">\n<p class=\"has-medium-font-size\"><a href=\"https:\/\/orcid.org\/0000-0002-3809-460X\"><strong>Carolina Agoff<\/strong> <strong>Boileau<\/strong><\/a><br>Universidad Nacional Aut\u00f3noma de M\u00e9xico, M\u00e9xico<\/p>\n<\/div><\/div>\n\n\n\n<div class=\"wp-block-media-text is-stacked-on-mobile\" style=\"grid-template-columns:18% auto\"><figure class=\"wp-block-media-text__media\"><img loading=\"lazy\" decoding=\"async\" width=\"819\" height=\"1024\" src=\"https:\/\/premiofranciscomercado.org\/wp-content\/uploads\/2024\/03\/no-photo2-819x1024.png\" alt=\"\" class=\"wp-image-1203 size-full\" srcset=\"https:\/\/premiofranciscomercado.org\/wp-content\/uploads\/2024\/03\/no-photo2-819x1024.png 819w, https:\/\/premiofranciscomercado.org\/wp-content\/uploads\/2024\/03\/no-photo2-240x300.png 240w, https:\/\/premiofranciscomercado.org\/wp-content\/uploads\/2024\/03\/no-photo2-768x960.png 768w, https:\/\/premiofranciscomercado.org\/wp-content\/uploads\/2024\/03\/no-photo2.png 1080w\" sizes=\"auto, (max-width: 819px) 100vw, 819px\" \/><\/figure><div class=\"wp-block-media-text__content\">\n<p class=\"has-medium-font-size\"><strong><a href=\"https:\/\/scholar.google.com\/citations?user=Oy3Q0i4AAAAJ&amp;hl=en&amp;oi=ao\" target=\"_blank\" rel=\"noreferrer noopener\">Carolina Mart\u00ednez Salgado<\/a><\/strong><br>Universidad Aut\u00f3noma Metropolitana &#8211; Xochimilco, M\u00e9xico<\/p>\n<\/div><\/div>\n\n\n\n<div class=\"wp-block-media-text is-stacked-on-mobile\" style=\"grid-template-columns:18% auto\"><figure class=\"wp-block-media-text__media\"><img loading=\"lazy\" decoding=\"async\" width=\"819\" height=\"1024\" src=\"https:\/\/premiofranciscomercado.org\/wp-content\/uploads\/2026\/02\/Cesar-Padilla-819x1024.jpg\" alt=\"\" class=\"wp-image-1589 size-full\" srcset=\"https:\/\/premiofranciscomercado.org\/wp-content\/uploads\/2026\/02\/Cesar-Padilla-819x1024.jpg 819w, https:\/\/premiofranciscomercado.org\/wp-content\/uploads\/2026\/02\/Cesar-Padilla-240x300.jpg 240w, https:\/\/premiofranciscomercado.org\/wp-content\/uploads\/2026\/02\/Cesar-Padilla-768x960.jpg 768w, https:\/\/premiofranciscomercado.org\/wp-content\/uploads\/2026\/02\/Cesar-Padilla-1229x1536.jpg 1229w, https:\/\/premiofranciscomercado.org\/wp-content\/uploads\/2026\/02\/Cesar-Padilla-1100x1375.jpg 1100w, https:\/\/premiofranciscomercado.org\/wp-content\/uploads\/2026\/02\/Cesar-Padilla.jpg 1623w\" sizes=\"auto, (max-width: 819px) 100vw, 819px\" \/><\/figure><div class=\"wp-block-media-text__content\">\n<p class=\"has-medium-font-size\"><strong><a href=\"https:\/\/orcid.org\/0000-0003-2926-2592\">C\u00e9sar Padilla-Altamira<\/a><\/strong><br>Centro de Investigaciones y Estudios Superiores en Antropolog\u00eda Social &#8211; Occidente, M\u00e9xico<\/p>\n<\/div><\/div>\n\n\n\n<div class=\"wp-block-media-text is-stacked-on-mobile\" style=\"grid-template-columns:18% auto\"><figure class=\"wp-block-media-text__media\"><img loading=\"lazy\" decoding=\"async\" width=\"146\" height=\"183\" src=\"https:\/\/premiofranciscomercado.org\/wp-content\/uploads\/2026\/03\/Ciara-Kierans.jpg\" alt=\"\" class=\"wp-image-1665 size-full\"\/><\/figure><div class=\"wp-block-media-text__content\">\n<p class=\"has-medium-font-size\"><strong><a href=\"https:\/\/orcid.org\/0000-0001-7268-4438\" target=\"_blank\" rel=\"noreferrer noopener\">Ciara Kierans<\/a><\/strong><br>Aarhus University, Dinamarca<\/p>\n<\/div><\/div>\n\n\n\n<div class=\"wp-block-media-text is-stacked-on-mobile\" style=\"grid-template-columns:18% auto\"><figure class=\"wp-block-media-text__media\"><img loading=\"lazy\" decoding=\"async\" width=\"819\" height=\"1024\" src=\"https:\/\/premiofranciscomercado.org\/wp-content\/uploads\/2026\/02\/Clara-Juando-Prats-819x1024.jpeg\" alt=\"\" class=\"wp-image-1596 size-full\" srcset=\"https:\/\/premiofranciscomercado.org\/wp-content\/uploads\/2026\/02\/Clara-Juando-Prats-819x1024.jpeg 819w, https:\/\/premiofranciscomercado.org\/wp-content\/uploads\/2026\/02\/Clara-Juando-Prats-240x300.jpeg 240w, https:\/\/premiofranciscomercado.org\/wp-content\/uploads\/2026\/02\/Clara-Juando-Prats-768x960.jpeg 768w, https:\/\/premiofranciscomercado.org\/wp-content\/uploads\/2026\/02\/Clara-Juando-Prats-1229x1536.jpeg 1229w, https:\/\/premiofranciscomercado.org\/wp-content\/uploads\/2026\/02\/Clara-Juando-Prats-1638x2048.jpeg 1638w, https:\/\/premiofranciscomercado.org\/wp-content\/uploads\/2026\/02\/Clara-Juando-Prats-1100x1375.jpeg 1100w, https:\/\/premiofranciscomercado.org\/wp-content\/uploads\/2026\/02\/Clara-Juando-Prats-scaled.jpeg 2048w\" sizes=\"auto, (max-width: 819px) 100vw, 819px\" \/><\/figure><div class=\"wp-block-media-text__content\">\n<p class=\"has-medium-font-size\"><strong><a href=\"https:\/\/scholar.google.com\/citations?user=i9Ar7eAAAAAJ&amp;hl=en\">Clara Juando-Prats<\/a><\/strong><br>Lakehead University | University of Toronto, Canad\u00e1<\/p>\n<\/div><\/div>\n\n\n\n<div class=\"wp-block-media-text is-stacked-on-mobile\" style=\"grid-template-columns:18% auto\"><figure class=\"wp-block-media-text__media\"><img loading=\"lazy\" decoding=\"async\" width=\"819\" height=\"1024\" src=\"https:\/\/premiofranciscomercado.org\/wp-content\/uploads\/2023\/11\/claudia-de-freitas-819x1024.jpg\" alt=\"\" class=\"wp-image-751 size-full\" srcset=\"https:\/\/premiofranciscomercado.org\/wp-content\/uploads\/2023\/11\/claudia-de-freitas-819x1024.jpg 819w, https:\/\/premiofranciscomercado.org\/wp-content\/uploads\/2023\/11\/claudia-de-freitas-240x300.jpg 240w, https:\/\/premiofranciscomercado.org\/wp-content\/uploads\/2023\/11\/claudia-de-freitas-768x960.jpg 768w, https:\/\/premiofranciscomercado.org\/wp-content\/uploads\/2023\/11\/claudia-de-freitas.jpg 864w\" sizes=\"auto, (max-width: 819px) 100vw, 819px\" \/><\/figure><div class=\"wp-block-media-text__content\">\n<p class=\"has-medium-font-size\"><strong><a href=\"https:\/\/www.researchgate.net\/profile\/Claudia-De-Freitas\">Cl\u00e1udia de Freitas<\/a><\/strong><br>Universidade do Porto | Instituto Universit\u00e1rio de Lisboa, Portugal<\/p>\n<\/div><\/div>\n\n\n\n<div class=\"wp-block-media-text is-stacked-on-mobile\" style=\"grid-template-columns:18% auto\"><figure class=\"wp-block-media-text__media\"><img loading=\"lazy\" decoding=\"async\" width=\"819\" height=\"1024\" src=\"https:\/\/premiofranciscomercado.org\/wp-content\/uploads\/2024\/03\/no-photo2-819x1024.png\" alt=\"\" class=\"wp-image-1203 size-full\" srcset=\"https:\/\/premiofranciscomercado.org\/wp-content\/uploads\/2024\/03\/no-photo2-819x1024.png 819w, https:\/\/premiofranciscomercado.org\/wp-content\/uploads\/2024\/03\/no-photo2-240x300.png 240w, https:\/\/premiofranciscomercado.org\/wp-content\/uploads\/2024\/03\/no-photo2-768x960.png 768w, https:\/\/premiofranciscomercado.org\/wp-content\/uploads\/2024\/03\/no-photo2.png 1080w\" sizes=\"auto, (max-width: 819px) 100vw, 819px\" \/><\/figure><div class=\"wp-block-media-text__content\">\n<p class=\"has-medium-font-size\"><strong><a href=\"https:\/\/scholar.google.com\/citations?hl=es&amp;user=ZDC1on8AAAAJ&amp;view_op=list_works&amp;sortby=pubdate\" target=\"_blank\" rel=\"noreferrer noopener\">Concha Zaforteza<\/a><\/strong><br>Hospital Comarcal d&#8217;Inca, Espa\u00f1a<\/p>\n<\/div><\/div>\n\n\n\n<div class=\"wp-block-media-text is-stacked-on-mobile\" style=\"grid-template-columns:18% auto\"><figure class=\"wp-block-media-text__media\"><img loading=\"lazy\" decoding=\"async\" width=\"376\" height=\"470\" src=\"https:\/\/premiofranciscomercado.org\/wp-content\/uploads\/2024\/02\/Maria-del-Consuelo-Chapela-Mendoza.jpeg\" alt=\"\" class=\"wp-image-1188 size-full\" srcset=\"https:\/\/premiofranciscomercado.org\/wp-content\/uploads\/2024\/02\/Maria-del-Consuelo-Chapela-Mendoza.jpeg 376w, https:\/\/premiofranciscomercado.org\/wp-content\/uploads\/2024\/02\/Maria-del-Consuelo-Chapela-Mendoza-240x300.jpeg 240w\" sizes=\"auto, (max-width: 376px) 100vw, 376px\" \/><\/figure><div class=\"wp-block-media-text__content\">\n<p class=\"has-medium-font-size\"><strong><a href=\"https:\/\/orcid.org\/0000-0002-0776-0905\">Consuelo Chapela<\/a><\/strong><br>Universidad Aut\u00f3noma Metropolitana &#8211; Xochimilco, M\u00e9xico<\/p>\n<\/div><\/div>\n\n\n\n<div class=\"wp-block-media-text is-stacked-on-mobile\" style=\"grid-template-columns:18% auto\"><figure class=\"wp-block-media-text__media\"><img loading=\"lazy\" decoding=\"async\" width=\"819\" height=\"1024\" src=\"https:\/\/premiofranciscomercado.org\/wp-content\/uploads\/2026\/02\/Cristina-Garcia-Vivar-819x1024.jpeg\" alt=\"\" class=\"wp-image-1597 size-full\" srcset=\"https:\/\/premiofranciscomercado.org\/wp-content\/uploads\/2026\/02\/Cristina-Garcia-Vivar-819x1024.jpeg 819w, https:\/\/premiofranciscomercado.org\/wp-content\/uploads\/2026\/02\/Cristina-Garcia-Vivar-240x300.jpeg 240w, https:\/\/premiofranciscomercado.org\/wp-content\/uploads\/2026\/02\/Cristina-Garcia-Vivar-768x960.jpeg 768w, https:\/\/premiofranciscomercado.org\/wp-content\/uploads\/2026\/02\/Cristina-Garcia-Vivar.jpeg 1079w\" sizes=\"auto, (max-width: 819px) 100vw, 819px\" \/><\/figure><div class=\"wp-block-media-text__content\">\n<p class=\"has-medium-font-size\"><strong><a href=\"https:\/\/orcid.org\/0000-0002-6022-559X\">Cristina Garc\u00eda-Vivar<\/a><\/strong><br>Universidad P\u00fablica de Navarra, Espa\u00f1a<\/p>\n<\/div><\/div>\n\n\n\n<div class=\"wp-block-media-text is-stacked-on-mobile\" style=\"grid-template-columns:18% auto\"><figure class=\"wp-block-media-text__media\"><img loading=\"lazy\" decoding=\"async\" width=\"400\" height=\"500\" src=\"https:\/\/premiofranciscomercado.org\/wp-content\/uploads\/2023\/10\/daniel-goulart.jpeg\" alt=\"\" class=\"wp-image-390 size-full\" srcset=\"https:\/\/premiofranciscomercado.org\/wp-content\/uploads\/2023\/10\/daniel-goulart.jpeg 400w, https:\/\/premiofranciscomercado.org\/wp-content\/uploads\/2023\/10\/daniel-goulart-240x300.jpeg 240w\" sizes=\"auto, (max-width: 400px) 100vw, 400px\" \/><\/figure><div class=\"wp-block-media-text__content\">\n<p class=\"has-medium-font-size\"><strong><a href=\"https:\/\/scholar.google.com.br\/citations?user=Wt0FcIcAAAAJ&amp;hl=pt-BR\">Daniel Magalh\u00e3es Goulart<\/a><\/strong><br>Universidade de Bras\u00edlia, Brasil<\/p>\n<\/div><\/div>\n\n\n\n<div class=\"wp-block-media-text is-stacked-on-mobile\" style=\"grid-template-columns:18% auto\"><figure class=\"wp-block-media-text__media\"><img loading=\"lazy\" decoding=\"async\" width=\"453\" height=\"555\" src=\"https:\/\/premiofranciscomercado.org\/wp-content\/uploads\/2025\/04\/Foto-Jpeg-Danuzia-da-Silva-Rocha.jpeg\" alt=\"\" class=\"wp-image-1335 size-full\" srcset=\"https:\/\/premiofranciscomercado.org\/wp-content\/uploads\/2025\/04\/Foto-Jpeg-Danuzia-da-Silva-Rocha.jpeg 453w, https:\/\/premiofranciscomercado.org\/wp-content\/uploads\/2025\/04\/Foto-Jpeg-Danuzia-da-Silva-Rocha-245x300.jpeg 245w\" sizes=\"auto, (max-width: 453px) 100vw, 453px\" \/><\/figure><div class=\"wp-block-media-text__content\">\n<p class=\"has-medium-font-size\"><strong><a href=\"https:\/\/www.researchgate.net\/scientific-contributions\/Danuzia-da-Silva-Rocha-2074975761\" target=\"_blank\" rel=\"noreferrer noopener\">Dan\u00fazia da Silva Rocha<\/a><\/strong><br>Universidade Federal do Acre, Brasil<\/p>\n<\/div><\/div>\n\n\n\n<div class=\"wp-block-media-text is-stacked-on-mobile\" style=\"grid-template-columns:18% auto\"><figure class=\"wp-block-media-text__media\"><img loading=\"lazy\" decoding=\"async\" width=\"320\" height=\"400\" src=\"https:\/\/premiofranciscomercado.org\/wp-content\/uploads\/2026\/02\/David-Perez-Jimenez.jpg\" alt=\"\" class=\"wp-image-1611 size-full\" srcset=\"https:\/\/premiofranciscomercado.org\/wp-content\/uploads\/2026\/02\/David-Perez-Jimenez.jpg 320w, https:\/\/premiofranciscomercado.org\/wp-content\/uploads\/2026\/02\/David-Perez-Jimenez-240x300.jpg 240w\" sizes=\"auto, (max-width: 320px) 100vw, 320px\" \/><\/figure><div class=\"wp-block-media-text__content\">\n<p class=\"has-medium-font-size\"><a href=\"https:\/\/scholar.google.com\/citations?user=iQpNBwkAAAAJ&amp;hl=en\" target=\"_blank\" rel=\"noreferrer noopener\"><strong>David P\u00e9rez-Jim\u00e9nez<\/strong><\/a><br>Universidad de Puerto Rico, Puerto Rico<\/p>\n<\/div><\/div>\n\n\n\n<div class=\"wp-block-media-text is-stacked-on-mobile\" style=\"grid-template-columns:18% auto\"><figure class=\"wp-block-media-text__media\"><img loading=\"lazy\" decoding=\"async\" width=\"469\" height=\"586\" src=\"https:\/\/premiofranciscomercado.org\/wp-content\/uploads\/2024\/02\/David-Tavares.png\" alt=\"\" class=\"wp-image-1165 size-full\" srcset=\"https:\/\/premiofranciscomercado.org\/wp-content\/uploads\/2024\/02\/David-Tavares.png 469w, https:\/\/premiofranciscomercado.org\/wp-content\/uploads\/2024\/02\/David-Tavares-240x300.png 240w\" sizes=\"auto, (max-width: 469px) 100vw, 469px\" \/><\/figure><div class=\"wp-block-media-text__content\">\n<p class=\"has-medium-font-size\"><strong><a href=\"http:\/\/orcid.org\/0000-0003-4473-8595\">David Tavares<\/a><\/strong><br>Escola Superior de Tecnologia da Sa\u00fade de Lisboa | CIES-ISCTE, Portugal<\/p>\n<\/div><\/div>\n\n\n\n<div class=\"wp-block-media-text is-stacked-on-mobile\" style=\"grid-template-columns:18% auto\"><figure class=\"wp-block-media-text__media\"><img loading=\"lazy\" decoding=\"async\" width=\"206\" height=\"258\" src=\"https:\/\/premiofranciscomercado.org\/wp-content\/uploads\/2026\/02\/Dolors-Rodriguez.png\" alt=\"\" class=\"wp-image-1598 size-full\"\/><\/figure><div class=\"wp-block-media-text__content\">\n<p class=\"has-medium-font-size\"><strong><a href=\"https:\/\/www.researchgate.net\/profile\/Dolors-Rodriguez-Martin-2\">Dolors Rodr\u00edguez-Mart\u00edn<\/a><\/strong><br>Universitat de Barcelona, Espa\u00f1a<\/p>\n<\/div><\/div>\n\n\n\n<div class=\"wp-block-media-text is-stacked-on-mobile\" style=\"grid-template-columns:18% auto\"><figure class=\"wp-block-media-text__media\"><img loading=\"lazy\" decoding=\"async\" width=\"819\" height=\"1024\" src=\"https:\/\/premiofranciscomercado.org\/wp-content\/uploads\/2024\/03\/no-photo2-819x1024.png\" alt=\"\" class=\"wp-image-1203 size-full\" srcset=\"https:\/\/premiofranciscomercado.org\/wp-content\/uploads\/2024\/03\/no-photo2-819x1024.png 819w, https:\/\/premiofranciscomercado.org\/wp-content\/uploads\/2024\/03\/no-photo2-240x300.png 240w, https:\/\/premiofranciscomercado.org\/wp-content\/uploads\/2024\/03\/no-photo2-768x960.png 768w, https:\/\/premiofranciscomercado.org\/wp-content\/uploads\/2024\/03\/no-photo2.png 1080w\" sizes=\"auto, (max-width: 819px) 100vw, 819px\" \/><\/figure><div class=\"wp-block-media-text__content\">\n<p class=\"has-medium-font-size\"><strong>Dora Cardaci Rodr\u00edguez<\/strong><br>Universidad Aut\u00f3noma Metropolitana &#8211; Xochimilco, M\u00e9xico<\/p>\n<\/div><\/div>\n\n\n\n<div class=\"wp-block-media-text is-stacked-on-mobile\" style=\"grid-template-columns:18% auto\"><figure class=\"wp-block-media-text__media\"><img loading=\"lazy\" decoding=\"async\" width=\"324\" height=\"409\" src=\"https:\/\/premiofranciscomercado.org\/wp-content\/uploads\/2025\/04\/ERT-Foto-Eneas-Rangel-Teixeira.jpg\" alt=\"\" class=\"wp-image-1332 size-full\" srcset=\"https:\/\/premiofranciscomercado.org\/wp-content\/uploads\/2025\/04\/ERT-Foto-Eneas-Rangel-Teixeira.jpg 324w, https:\/\/premiofranciscomercado.org\/wp-content\/uploads\/2025\/04\/ERT-Foto-Eneas-Rangel-Teixeira-238x300.jpg 238w\" sizes=\"auto, (max-width: 324px) 100vw, 324px\" \/><\/figure><div class=\"wp-block-media-text__content\">\n<p class=\"has-medium-font-size\"><strong><a href=\"https:\/\/scholar.google.com\/citations?user=KPsWe2cAAAAJ&amp;hl=en&amp;oi=ao\" target=\"_blank\" rel=\"noreferrer noopener\">En\u00e9as Rangel Teixeira<\/a><\/strong><br>Universidade Federal Fluminense, Brasil<\/p>\n<\/div><\/div>\n\n\n\n<div class=\"wp-block-media-text is-stacked-on-mobile\" style=\"grid-template-columns:18% auto\"><figure class=\"wp-block-media-text__media\"><img loading=\"lazy\" decoding=\"async\" width=\"819\" height=\"1024\" src=\"https:\/\/premiofranciscomercado.org\/wp-content\/uploads\/2023\/10\/foto-individual-esteban-hadjez-819x1024.jpg\" alt=\"\" class=\"wp-image-393 size-full\" srcset=\"https:\/\/premiofranciscomercado.org\/wp-content\/uploads\/2023\/10\/foto-individual-esteban-hadjez-819x1024.jpg 819w, https:\/\/premiofranciscomercado.org\/wp-content\/uploads\/2023\/10\/foto-individual-esteban-hadjez-240x300.jpg 240w, https:\/\/premiofranciscomercado.org\/wp-content\/uploads\/2023\/10\/foto-individual-esteban-hadjez-768x960.jpg 768w, https:\/\/premiofranciscomercado.org\/wp-content\/uploads\/2023\/10\/foto-individual-esteban-hadjez-1229x1536.jpg 1229w, https:\/\/premiofranciscomercado.org\/wp-content\/uploads\/2023\/10\/foto-individual-esteban-hadjez-1638x2048.jpg 1638w, https:\/\/premiofranciscomercado.org\/wp-content\/uploads\/2023\/10\/foto-individual-esteban-hadjez-scaled.jpg 2048w\" sizes=\"auto, (max-width: 819px) 100vw, 819px\" \/><\/figure><div class=\"wp-block-media-text__content\">\n<p class=\"has-medium-font-size\"><strong><a href=\"https:\/\/scholar.google.com\/citations?user=dOAz3TsAAAAJ&amp;hl=en&amp;oi=ao\" target=\"_blank\" rel=\"noreferrer noopener\">Esteban Hadjez B.<\/a><\/strong><br>Universidad de Valpara\u00edso, Chile<\/p>\n<\/div><\/div>\n\n\n\n<div class=\"wp-block-media-text is-stacked-on-mobile\" style=\"grid-template-columns:18% auto\"><figure class=\"wp-block-media-text__media\"><img loading=\"lazy\" decoding=\"async\" width=\"294\" height=\"368\" src=\"https:\/\/premiofranciscomercado.org\/wp-content\/uploads\/2024\/02\/Eva-Abad-Corpa.jpg\" alt=\"\" class=\"wp-image-1182 size-full\" srcset=\"https:\/\/premiofranciscomercado.org\/wp-content\/uploads\/2024\/02\/Eva-Abad-Corpa.jpg 294w, https:\/\/premiofranciscomercado.org\/wp-content\/uploads\/2024\/02\/Eva-Abad-Corpa-240x300.jpg 240w\" sizes=\"auto, (max-width: 294px) 100vw, 294px\" \/><\/figure><div class=\"wp-block-media-text__content\">\n<p class=\"has-medium-font-size\"><strong><a href=\"https:\/\/orcid.org\/0000-0003-2164-4967\">Eva Abad Corpa<\/a><\/strong><br>Universidad de Murcia | Servicio Murciano de Salud | Invest\u00e9n-iscii, Espa\u00f1a<\/p>\n<\/div><\/div>\n\n\n\n<div class=\"wp-block-media-text is-stacked-on-mobile\" style=\"grid-template-columns:18% auto\"><figure class=\"wp-block-media-text__media\"><img loading=\"lazy\" decoding=\"async\" width=\"819\" height=\"1024\" src=\"https:\/\/premiofranciscomercado.org\/wp-content\/uploads\/2023\/10\/dragailpod-gail-mummert-1-819x1024.jpg\" alt=\"\" class=\"wp-image-560 size-full\" srcset=\"https:\/\/premiofranciscomercado.org\/wp-content\/uploads\/2023\/10\/dragailpod-gail-mummert-1-819x1024.jpg 819w, https:\/\/premiofranciscomercado.org\/wp-content\/uploads\/2023\/10\/dragailpod-gail-mummert-1-240x300.jpg 240w, https:\/\/premiofranciscomercado.org\/wp-content\/uploads\/2023\/10\/dragailpod-gail-mummert-1-768x960.jpg 768w, https:\/\/premiofranciscomercado.org\/wp-content\/uploads\/2023\/10\/dragailpod-gail-mummert-1-1229x1536.jpg 1229w, https:\/\/premiofranciscomercado.org\/wp-content\/uploads\/2023\/10\/dragailpod-gail-mummert-1-1638x2048.jpg 1638w, https:\/\/premiofranciscomercado.org\/wp-content\/uploads\/2023\/10\/dragailpod-gail-mummert-1-scaled.jpg 2048w\" sizes=\"auto, (max-width: 819px) 100vw, 819px\" \/><\/figure><div class=\"wp-block-media-text__content\">\n<p class=\"has-medium-font-size\"><strong><a href=\"https:\/\/colmich.academia.edu\/GailMummert\" target=\"_blank\" rel=\"noreferrer noopener\">Gail Mummert<\/a><\/strong><br>El Colegio de Michoac\u00e1n, M\u00e9xico<\/p>\n<\/div><\/div>\n\n\n\n<div class=\"wp-block-media-text is-stacked-on-mobile\" style=\"grid-template-columns:18% auto\"><figure class=\"wp-block-media-text__media\"><img loading=\"lazy\" decoding=\"async\" width=\"819\" height=\"1024\" src=\"https:\/\/premiofranciscomercado.org\/wp-content\/uploads\/2026\/04\/Graciela-Freyermuth-819x1024.jpg\" alt=\"\" class=\"wp-image-1703 size-full\" srcset=\"https:\/\/premiofranciscomercado.org\/wp-content\/uploads\/2026\/04\/Graciela-Freyermuth-819x1024.jpg 819w, https:\/\/premiofranciscomercado.org\/wp-content\/uploads\/2026\/04\/Graciela-Freyermuth-240x300.jpg 240w, https:\/\/premiofranciscomercado.org\/wp-content\/uploads\/2026\/04\/Graciela-Freyermuth-768x960.jpg 768w, https:\/\/premiofranciscomercado.org\/wp-content\/uploads\/2026\/04\/Graciela-Freyermuth.jpg 986w\" sizes=\"auto, (max-width: 819px) 100vw, 819px\" \/><\/figure><div class=\"wp-block-media-text__content\">\n<p class=\"has-medium-font-size\"><strong><a href=\"https:\/\/scholar.google.com\/citations?user=Q26_GZ4AAAAJ&amp;hl=es\" target=\"_blank\" rel=\"noreferrer noopener\">Graciela Freyermuth Enciso<\/a><\/strong><br>Centro de Investigaciones y Estudios Superiores en Antropolog\u00eda Social &#8211; Sureste, M\u00e9xico<\/p>\n<\/div><\/div>\n\n\n\n<div class=\"wp-block-media-text is-stacked-on-mobile\" style=\"grid-template-columns:18% auto\"><figure class=\"wp-block-media-text__media\"><img loading=\"lazy\" decoding=\"async\" width=\"508\" height=\"635\" src=\"https:\/\/premiofranciscomercado.org\/wp-content\/uploads\/2026\/03\/Ivia-Maksud.jpeg\" alt=\"\" class=\"wp-image-1628 size-full\" srcset=\"https:\/\/premiofranciscomercado.org\/wp-content\/uploads\/2026\/03\/Ivia-Maksud.jpeg 508w, https:\/\/premiofranciscomercado.org\/wp-content\/uploads\/2026\/03\/Ivia-Maksud-240x300.jpeg 240w\" sizes=\"auto, (max-width: 508px) 100vw, 508px\" \/><\/figure><div class=\"wp-block-media-text__content\">\n<p class=\"has-medium-font-size\"><strong><a href=\"https:\/\/orcid.org\/0000-0002-3465-151X\">Ivia Maksud<\/a><\/strong><br>FIOCRUZ &#8211; Funda\u00e7\u00e3o Oswaldo Cruz, Brasil<\/p>\n<\/div><\/div>\n\n\n\n<div class=\"wp-block-media-text is-stacked-on-mobile\" style=\"grid-template-columns:18% auto\"><figure class=\"wp-block-media-text__media\"><img loading=\"lazy\" decoding=\"async\" width=\"819\" height=\"1024\" src=\"https:\/\/premiofranciscomercado.org\/wp-content\/uploads\/2025\/04\/unnamed-1-819x1024.jpg\" alt=\"\" class=\"wp-image-1325 size-full\" srcset=\"https:\/\/premiofranciscomercado.org\/wp-content\/uploads\/2025\/04\/unnamed-1-819x1024.jpg 819w, https:\/\/premiofranciscomercado.org\/wp-content\/uploads\/2025\/04\/unnamed-1-240x300.jpg 240w, https:\/\/premiofranciscomercado.org\/wp-content\/uploads\/2025\/04\/unnamed-1-768x960.jpg 768w, https:\/\/premiofranciscomercado.org\/wp-content\/uploads\/2025\/04\/unnamed-1-1229x1536.jpg 1229w, https:\/\/premiofranciscomercado.org\/wp-content\/uploads\/2025\/04\/unnamed-1-1100x1375.jpg 1100w, https:\/\/premiofranciscomercado.org\/wp-content\/uploads\/2025\/04\/unnamed-1.jpg 1280w\" sizes=\"auto, (max-width: 819px) 100vw, 819px\" \/><\/figure><div class=\"wp-block-media-text__content\">\n<p class=\"has-medium-font-size\"><strong><a href=\"https:\/\/orcid.org\/0000-0002-6647-217X\" target=\"_blank\" rel=\"noreferrer noopener\">Jaime Alonso Caravaca-Morera<\/a><\/strong><br>Universidad de Costa Rica, Costa Rica<\/p>\n<\/div><\/div>\n\n\n\n<div class=\"wp-block-media-text is-stacked-on-mobile\" style=\"grid-template-columns:18% auto\"><figure class=\"wp-block-media-text__media\"><img loading=\"lazy\" decoding=\"async\" width=\"819\" height=\"1024\" src=\"https:\/\/premiofranciscomercado.org\/wp-content\/uploads\/2026\/04\/Jane-Russo-819x1024.jpg\" alt=\"\" class=\"wp-image-1722 size-full\" srcset=\"https:\/\/premiofranciscomercado.org\/wp-content\/uploads\/2026\/04\/Jane-Russo-819x1024.jpg 819w, https:\/\/premiofranciscomercado.org\/wp-content\/uploads\/2026\/04\/Jane-Russo-240x300.jpg 240w, https:\/\/premiofranciscomercado.org\/wp-content\/uploads\/2026\/04\/Jane-Russo-768x960.jpg 768w, https:\/\/premiofranciscomercado.org\/wp-content\/uploads\/2026\/04\/Jane-Russo-1229x1536.jpg 1229w, https:\/\/premiofranciscomercado.org\/wp-content\/uploads\/2026\/04\/Jane-Russo-1100x1375.jpg 1100w, https:\/\/premiofranciscomercado.org\/wp-content\/uploads\/2026\/04\/Jane-Russo.jpg 1280w\" sizes=\"auto, (max-width: 819px) 100vw, 819px\" \/><\/figure><div class=\"wp-block-media-text__content\">\n<p class=\"has-medium-font-size\"><strong><a href=\"http:\/\/lattes.cnpq.br\/9019341539335784\" target=\"_blank\" rel=\"noreferrer noopener\">Jane Russo<\/a><\/strong><br>Universidade do Estado do Rio de Janeiro, Brasil<\/p>\n<\/div><\/div>\n\n\n\n<div class=\"wp-block-media-text is-stacked-on-mobile\" style=\"grid-template-columns:18% auto\"><figure class=\"wp-block-media-text__media\"><img loading=\"lazy\" decoding=\"async\" width=\"720\" height=\"900\" src=\"https:\/\/premiofranciscomercado.org\/wp-content\/uploads\/2026\/02\/Joao-Tadeu-De-Andrade.jpeg\" alt=\"\" class=\"wp-image-1590 size-full\" srcset=\"https:\/\/premiofranciscomercado.org\/wp-content\/uploads\/2026\/02\/Joao-Tadeu-De-Andrade.jpeg 720w, https:\/\/premiofranciscomercado.org\/wp-content\/uploads\/2026\/02\/Joao-Tadeu-De-Andrade-240x300.jpeg 240w\" sizes=\"auto, (max-width: 720px) 100vw, 720px\" \/><\/figure><div class=\"wp-block-media-text__content\">\n<p class=\"has-medium-font-size\"><a href=\"https:\/\/orcid.org\/0000-0003-0371-5135\"><strong>Jo\u00e3o T Andrade<\/strong><\/a><br>Universidade Estadual do Cear\u00e1, Brasil<\/p>\n<\/div><\/div>\n\n\n\n<div class=\"wp-block-media-text is-stacked-on-mobile\" style=\"grid-template-columns:18% auto\"><figure class=\"wp-block-media-text__media\"><img loading=\"lazy\" decoding=\"async\" width=\"410\" height=\"512\" src=\"https:\/\/premiofranciscomercado.org\/wp-content\/uploads\/2023\/11\/jorge-alberto-bernstein-iriart.jpeg\" alt=\"\" class=\"wp-image-750 size-full\" srcset=\"https:\/\/premiofranciscomercado.org\/wp-content\/uploads\/2023\/11\/jorge-alberto-bernstein-iriart.jpeg 410w, https:\/\/premiofranciscomercado.org\/wp-content\/uploads\/2023\/11\/jorge-alberto-bernstein-iriart-240x300.jpeg 240w\" sizes=\"auto, (max-width: 410px) 100vw, 410px\" \/><\/figure><div class=\"wp-block-media-text__content\">\n<p class=\"has-medium-font-size\"><strong><a href=\"https:\/\/orcid.org\/0000-0002-9518-1240\">Jorge Alberto Bernstein Iriart<\/a><\/strong><br>Universidade Federal da Bahia, Brasil<\/p>\n<\/div><\/div>\n\n\n\n<div class=\"wp-block-media-text is-stacked-on-mobile\" style=\"grid-template-columns:18% auto\"><figure class=\"wp-block-media-text__media\"><img loading=\"lazy\" decoding=\"async\" width=\"160\" height=\"200\" src=\"https:\/\/premiofranciscomercado.org\/wp-content\/uploads\/2026\/04\/Jose-Carlos-Suarez-Herrera.jpg\" alt=\"\" class=\"wp-image-1714 size-full\"\/><\/figure><div class=\"wp-block-media-text__content\">\n<p class=\"has-medium-font-size\"><strong><a href=\"https:\/\/orcid.org\/0000-0002-1038-4090\" target=\"_blank\" rel=\"noreferrer noopener\">Jos\u00e9 Carlos Su\u00e1rez-Herrera<\/a><\/strong><br>Universidad de Las Palmas de Gran Canaria, Espa\u00f1a<\/p>\n<\/div><\/div>\n\n\n\n<div class=\"wp-block-media-text is-stacked-on-mobile\" style=\"grid-template-columns:18% auto\"><figure class=\"wp-block-media-text__media\"><img loading=\"lazy\" decoding=\"async\" width=\"819\" height=\"1024\" src=\"https:\/\/premiofranciscomercado.org\/wp-content\/uploads\/2024\/02\/Jose-Luis-Medina-Moya-819x1024.jpg\" alt=\"\" class=\"wp-image-1169 size-full\" srcset=\"https:\/\/premiofranciscomercado.org\/wp-content\/uploads\/2024\/02\/Jose-Luis-Medina-Moya-819x1024.jpg 819w, https:\/\/premiofranciscomercado.org\/wp-content\/uploads\/2024\/02\/Jose-Luis-Medina-Moya-240x300.jpg 240w, https:\/\/premiofranciscomercado.org\/wp-content\/uploads\/2024\/02\/Jose-Luis-Medina-Moya-768x960.jpg 768w, https:\/\/premiofranciscomercado.org\/wp-content\/uploads\/2024\/02\/Jose-Luis-Medina-Moya.jpg 1001w\" sizes=\"auto, (max-width: 819px) 100vw, 819px\" \/><\/figure><div class=\"wp-block-media-text__content\">\n<p class=\"has-medium-font-size\"><strong><a href=\"https:\/\/orcid.org\/0000-0002-9487-9065\">Jos\u00e9 Luis Medina Moya<\/a><\/strong><br>Universidad de Barcelona, Espa\u00f1a<\/p>\n<\/div><\/div>\n\n\n\n<div class=\"wp-block-media-text is-stacked-on-mobile\" style=\"grid-template-columns:18% auto\"><figure class=\"wp-block-media-text__media\"><img loading=\"lazy\" decoding=\"async\" width=\"819\" height=\"1024\" src=\"https:\/\/premiofranciscomercado.org\/wp-content\/uploads\/2023\/12\/Lilian-Magalhaes-819x1024.jpg\" alt=\"\" class=\"wp-image-1090 size-full\" srcset=\"https:\/\/premiofranciscomercado.org\/wp-content\/uploads\/2023\/12\/Lilian-Magalhaes-819x1024.jpg 819w, https:\/\/premiofranciscomercado.org\/wp-content\/uploads\/2023\/12\/Lilian-Magalhaes-240x300.jpg 240w, https:\/\/premiofranciscomercado.org\/wp-content\/uploads\/2023\/12\/Lilian-Magalhaes-768x960.jpg 768w, https:\/\/premiofranciscomercado.org\/wp-content\/uploads\/2023\/12\/Lilian-Magalhaes-1229x1536.jpg 1229w, https:\/\/premiofranciscomercado.org\/wp-content\/uploads\/2023\/12\/Lilian-Magalhaes-1100x1375.jpg 1100w, https:\/\/premiofranciscomercado.org\/wp-content\/uploads\/2023\/12\/Lilian-Magalhaes.jpg 1280w\" sizes=\"auto, (max-width: 819px) 100vw, 819px\" \/><\/figure><div class=\"wp-block-media-text__content\">\n<p class=\"has-medium-font-size\"><strong><a href=\"https:\/\/orcid.org\/0000-0003-3666-3685\">Lilian Magalh\u00e3es<\/a><\/strong><br>Universidade Federal de S\u00e3o Carlos, Brasil<\/p>\n<\/div><\/div>\n\n\n\n<div class=\"wp-block-media-text is-stacked-on-mobile\" style=\"grid-template-columns:18% auto\"><figure class=\"wp-block-media-text__media\"><img loading=\"lazy\" decoding=\"async\" width=\"819\" height=\"1024\" src=\"https:\/\/premiofranciscomercado.org\/wp-content\/uploads\/2024\/02\/Luis-Eduardo-Ibarra-819x1024.jpg\" alt=\"\" class=\"wp-image-1187 size-full\" srcset=\"https:\/\/premiofranciscomercado.org\/wp-content\/uploads\/2024\/02\/Luis-Eduardo-Ibarra-819x1024.jpg 819w, https:\/\/premiofranciscomercado.org\/wp-content\/uploads\/2024\/02\/Luis-Eduardo-Ibarra-240x300.jpg 240w, https:\/\/premiofranciscomercado.org\/wp-content\/uploads\/2024\/02\/Luis-Eduardo-Ibarra-768x960.jpg 768w, https:\/\/premiofranciscomercado.org\/wp-content\/uploads\/2024\/02\/Luis-Eduardo-Ibarra-1229x1536.jpg 1229w, https:\/\/premiofranciscomercado.org\/wp-content\/uploads\/2024\/02\/Luis-Eduardo-Ibarra-1638x2048.jpg 1638w, https:\/\/premiofranciscomercado.org\/wp-content\/uploads\/2024\/02\/Luis-Eduardo-Ibarra-1100x1375.jpg 1100w, https:\/\/premiofranciscomercado.org\/wp-content\/uploads\/2024\/02\/Luis-Eduardo-Ibarra-scaled.jpg 2048w\" sizes=\"auto, (max-width: 819px) 100vw, 819px\" \/><\/figure><div class=\"wp-block-media-text__content\">\n<p class=\"has-medium-font-size\"><strong><a href=\"https:\/\/orcid.org\/0000-0002-3889-7533\">Luis Eduardo Hern\u00e1ndez Ibarra<\/a><\/strong><br>Universidad Aut\u00f3noma de San Luis Potos\u00ed, M\u00e9xico<\/p>\n<\/div><\/div>\n\n\n\n<div class=\"wp-block-media-text is-stacked-on-mobile\" style=\"grid-template-columns:18% auto\"><figure class=\"wp-block-media-text__media\"><img loading=\"lazy\" decoding=\"async\" width=\"410\" height=\"512\" src=\"https:\/\/premiofranciscomercado.org\/wp-content\/uploads\/2023\/10\/lupicinio-iniguez-rueda.jpg\" alt=\"\" class=\"wp-image-398 size-full\" srcset=\"https:\/\/premiofranciscomercado.org\/wp-content\/uploads\/2023\/10\/lupicinio-iniguez-rueda.jpg 410w, https:\/\/premiofranciscomercado.org\/wp-content\/uploads\/2023\/10\/lupicinio-iniguez-rueda-240x300.jpg 240w\" sizes=\"auto, (max-width: 410px) 100vw, 410px\" \/><\/figure><div class=\"wp-block-media-text__content\">\n<p class=\"has-medium-font-size\"><strong><a href=\"https:\/\/orcid.org\/0000-0002-1936-9428\">Lupicinio I\u00f1iguez-Rueda<\/a><\/strong><br>Universidad Aut\u00f3noma de Barcelona, Espa\u00f1a<\/p>\n<\/div><\/div>\n\n\n\n<div class=\"wp-block-media-text is-stacked-on-mobile\" style=\"grid-template-columns:18% auto\"><figure class=\"wp-block-media-text__media\"><img loading=\"lazy\" decoding=\"async\" width=\"819\" height=\"1024\" src=\"https:\/\/premiofranciscomercado.org\/wp-content\/uploads\/2026\/03\/Manuel-Capella-P-819x1024.jpg\" alt=\"\" class=\"wp-image-1629 size-full\" srcset=\"https:\/\/premiofranciscomercado.org\/wp-content\/uploads\/2026\/03\/Manuel-Capella-P-819x1024.jpg 819w, https:\/\/premiofranciscomercado.org\/wp-content\/uploads\/2026\/03\/Manuel-Capella-P-240x300.jpg 240w, https:\/\/premiofranciscomercado.org\/wp-content\/uploads\/2026\/03\/Manuel-Capella-P-768x960.jpg 768w, https:\/\/premiofranciscomercado.org\/wp-content\/uploads\/2026\/03\/Manuel-Capella-P-1229x1536.jpg 1229w, https:\/\/premiofranciscomercado.org\/wp-content\/uploads\/2026\/03\/Manuel-Capella-P-1638x2048.jpg 1638w, https:\/\/premiofranciscomercado.org\/wp-content\/uploads\/2026\/03\/Manuel-Capella-P-1100x1375.jpg 1100w, https:\/\/premiofranciscomercado.org\/wp-content\/uploads\/2026\/03\/Manuel-Capella-P-scaled.jpg 2048w\" sizes=\"auto, (max-width: 819px) 100vw, 819px\" \/><\/figure><div class=\"wp-block-media-text__content\">\n<p class=\"has-medium-font-size\"><strong><a href=\"https:\/\/orcid.org\/0000-0001-8087-8718\" data-type=\"link\" data-id=\"https:\/\/orcid.org\/0000-0001-8087-8718\">Manuel Capella<\/a><\/strong><br>Universidad Cat\u00f3lica del Uruguay | Uruguay<\/p>\n<\/div><\/div>\n\n\n\n<div class=\"wp-block-media-text is-stacked-on-mobile\" style=\"grid-template-columns:18% auto\"><figure class=\"wp-block-media-text__media\"><img loading=\"lazy\" decoding=\"async\" width=\"725\" height=\"906\" src=\"https:\/\/premiofranciscomercado.org\/wp-content\/uploads\/2023\/11\/marcia-grisotti.png\" alt=\"\" class=\"wp-image-755 size-full\" srcset=\"https:\/\/premiofranciscomercado.org\/wp-content\/uploads\/2023\/11\/marcia-grisotti.png 725w, https:\/\/premiofranciscomercado.org\/wp-content\/uploads\/2023\/11\/marcia-grisotti-240x300.png 240w\" sizes=\"auto, (max-width: 725px) 100vw, 725px\" \/><\/figure><div class=\"wp-block-media-text__content\">\n<p class=\"has-medium-font-size\"><strong><a href=\"https:\/\/ufsc.academia.edu\/MarciaGrisotti\">Marcia Grisotti<\/a><\/strong><br>Universidade Federal de Santa Catarina, Brasil<\/p>\n<\/div><\/div>\n\n\n\n<div class=\"wp-block-media-text is-stacked-on-mobile\" style=\"grid-template-columns:18% auto\"><figure class=\"wp-block-media-text__media\"><img loading=\"lazy\" decoding=\"async\" width=\"136\" height=\"170\" src=\"https:\/\/premiofranciscomercado.org\/wp-content\/uploads\/2026\/04\/Margarida-Pla.jpg\" alt=\"\" class=\"wp-image-1732 size-full\"\/><\/figure><div class=\"wp-block-media-text__content\">\n<p class=\"has-medium-font-size\"><strong><a href=\"http:\/\/urecerca.uvic.cat\/CawDOS?id=2f75d24ed89ee171&amp;idioma=es&amp;tipo=activ&amp;elmeucv=N\" target=\"_blank\" rel=\"noreferrer noopener\">Margarida Pla<\/a><\/strong><br>Universidad de Barcelona, Espa\u00f1a<\/p>\n<\/div><\/div>\n\n\n\n<div class=\"wp-block-media-text is-stacked-on-mobile\" style=\"grid-template-columns:18% auto\"><figure class=\"wp-block-media-text__media\"><img loading=\"lazy\" decoding=\"async\" width=\"819\" height=\"1024\" src=\"https:\/\/premiofranciscomercado.org\/wp-content\/uploads\/2023\/10\/margalida-miro-bonet-819x1024.jpg\" alt=\"\" class=\"wp-image-396 size-full\" srcset=\"https:\/\/premiofranciscomercado.org\/wp-content\/uploads\/2023\/10\/margalida-miro-bonet-819x1024.jpg 819w, https:\/\/premiofranciscomercado.org\/wp-content\/uploads\/2023\/10\/margalida-miro-bonet-240x300.jpg 240w, https:\/\/premiofranciscomercado.org\/wp-content\/uploads\/2023\/10\/margalida-miro-bonet-768x960.jpg 768w, https:\/\/premiofranciscomercado.org\/wp-content\/uploads\/2023\/10\/margalida-miro-bonet-1229x1536.jpg 1229w, https:\/\/premiofranciscomercado.org\/wp-content\/uploads\/2023\/10\/margalida-miro-bonet.jpg 1440w\" sizes=\"auto, (max-width: 819px) 100vw, 819px\" \/><\/figure><div class=\"wp-block-media-text__content\">\n<p class=\"has-medium-font-size\"><strong><a href=\"https:\/\/orcid.org\/0000-0001-7114-3779\">Margalida Mir\u00f3 Bonet<\/a><\/strong><br>Universitat de les Illes Balears, Espa\u00f1a<\/p>\n<\/div><\/div>\n\n\n\n<div class=\"wp-block-media-text is-stacked-on-mobile\" style=\"grid-template-columns:18% auto\"><figure class=\"wp-block-media-text__media\"><img loading=\"lazy\" decoding=\"async\" width=\"819\" height=\"1024\" src=\"https:\/\/premiofranciscomercado.org\/wp-content\/uploads\/2024\/02\/Ma-del-Carmen-Castro-819x1024.jpg\" alt=\"\" class=\"wp-image-1172 size-full\" srcset=\"https:\/\/premiofranciscomercado.org\/wp-content\/uploads\/2024\/02\/Ma-del-Carmen-Castro-819x1024.jpg 819w, https:\/\/premiofranciscomercado.org\/wp-content\/uploads\/2024\/02\/Ma-del-Carmen-Castro-240x300.jpg 240w, https:\/\/premiofranciscomercado.org\/wp-content\/uploads\/2024\/02\/Ma-del-Carmen-Castro-768x960.jpg 768w, https:\/\/premiofranciscomercado.org\/wp-content\/uploads\/2024\/02\/Ma-del-Carmen-Castro-1229x1536.jpg 1229w, https:\/\/premiofranciscomercado.org\/wp-content\/uploads\/2024\/02\/Ma-del-Carmen-Castro-1639x2048.jpg 1639w, https:\/\/premiofranciscomercado.org\/wp-content\/uploads\/2024\/02\/Ma-del-Carmen-Castro-1100x1375.jpg 1100w, https:\/\/premiofranciscomercado.org\/wp-content\/uploads\/2024\/02\/Ma-del-Carmen-Castro-scaled.jpg 2048w\" sizes=\"auto, (max-width: 819px) 100vw, 819px\" \/><\/figure><div class=\"wp-block-media-text__content\">\n<p class=\"has-medium-font-size\"><strong><a href=\"https:\/\/colson.academia.edu\/Mar%C3%ADadelCarmenCastroV%C3%A1squez\">Mar\u00eda del Carmen Castro V\u00e1squez<\/a><\/strong><br>El Colegio de Sonora, M\u00e9xico<\/p>\n<\/div><\/div>\n\n\n\n<div class=\"wp-block-media-text is-stacked-on-mobile\" style=\"grid-template-columns:18% auto\"><figure class=\"wp-block-media-text__media\"><img loading=\"lazy\" decoding=\"async\" width=\"819\" height=\"1024\" src=\"https:\/\/premiofranciscomercado.org\/wp-content\/uploads\/2023\/11\/rocio-enriquez-rosas-819x1024.jpg\" alt=\"\" class=\"wp-image-757 size-full\" srcset=\"https:\/\/premiofranciscomercado.org\/wp-content\/uploads\/2023\/11\/rocio-enriquez-rosas-819x1024.jpg 819w, https:\/\/premiofranciscomercado.org\/wp-content\/uploads\/2023\/11\/rocio-enriquez-rosas-240x300.jpg 240w, https:\/\/premiofranciscomercado.org\/wp-content\/uploads\/2023\/11\/rocio-enriquez-rosas-768x960.jpg 768w, https:\/\/premiofranciscomercado.org\/wp-content\/uploads\/2023\/11\/rocio-enriquez-rosas-1229x1536.jpg 1229w, https:\/\/premiofranciscomercado.org\/wp-content\/uploads\/2023\/11\/rocio-enriquez-rosas-1638x2048.jpg 1638w, https:\/\/premiofranciscomercado.org\/wp-content\/uploads\/2023\/11\/rocio-enriquez-rosas.jpg 1723w\" sizes=\"auto, (max-width: 819px) 100vw, 819px\" \/><\/figure><div class=\"wp-block-media-text__content\">\n<p class=\"has-medium-font-size\"><strong><a href=\"https:\/\/scholar.google.com\/citations?hl=es&amp;user=myavtokAAAAJ&amp;view_op=list_works&amp;sortby=pubdate\" target=\"_blank\" rel=\"noreferrer noopener\">Mar\u00eda del Roc\u00edo Enr\u00edquez Rosas<\/a><\/strong><br>ITESO &#8211; Universidad Jesuita de Guadalajara, M\u00e9xico<\/p>\n<\/div><\/div>\n\n\n\n<div class=\"wp-block-media-text is-stacked-on-mobile\" style=\"grid-template-columns:18% auto\"><figure class=\"wp-block-media-text__media\"><img loading=\"lazy\" decoding=\"async\" width=\"819\" height=\"1024\" src=\"https:\/\/premiofranciscomercado.org\/wp-content\/uploads\/2024\/03\/no-photo2-819x1024.png\" alt=\"\" class=\"wp-image-1203 size-full\" srcset=\"https:\/\/premiofranciscomercado.org\/wp-content\/uploads\/2024\/03\/no-photo2-819x1024.png 819w, https:\/\/premiofranciscomercado.org\/wp-content\/uploads\/2024\/03\/no-photo2-240x300.png 240w, https:\/\/premiofranciscomercado.org\/wp-content\/uploads\/2024\/03\/no-photo2-768x960.png 768w, https:\/\/premiofranciscomercado.org\/wp-content\/uploads\/2024\/03\/no-photo2.png 1080w\" sizes=\"auto, (max-width: 819px) 100vw, 819px\" \/><\/figure><div class=\"wp-block-media-text__content\">\n<p class=\"has-medium-font-size\"><strong>Mar\u00eda Hern\u00e1ndez Padilla<\/strong><br>Universidad de Jaen, Espa\u00f1a<\/p>\n<\/div><\/div>\n\n\n\n<div class=\"wp-block-media-text is-stacked-on-mobile\" style=\"grid-template-columns:18% auto\"><figure class=\"wp-block-media-text__media\"><img loading=\"lazy\" decoding=\"async\" width=\"436\" height=\"548\" src=\"https:\/\/premiofranciscomercado.org\/wp-content\/uploads\/2023\/11\/maria-ines-gandolfo-conceicao.png\" alt=\"\" class=\"wp-image-721 size-full\" srcset=\"https:\/\/premiofranciscomercado.org\/wp-content\/uploads\/2023\/11\/maria-ines-gandolfo-conceicao.png 436w, https:\/\/premiofranciscomercado.org\/wp-content\/uploads\/2023\/11\/maria-ines-gandolfo-conceicao-239x300.png 239w\" sizes=\"auto, (max-width: 436px) 100vw, 436px\" \/><\/figure><div class=\"wp-block-media-text__content\">\n<p class=\"has-medium-font-size\"><strong><a href=\"https:\/\/www.researchgate.net\/profile\/Maria-Conceicao\">Maria In\u00eas Gandolfo Concei\u00e7ao<\/a><\/strong><br>Universidade de Brasilia, Brasil<\/p>\n<\/div><\/div>\n\n\n\n<div class=\"wp-block-media-text is-stacked-on-mobile\" style=\"grid-template-columns:18% auto\"><figure class=\"wp-block-media-text__media\"><img loading=\"lazy\" decoding=\"async\" width=\"187\" height=\"234\" src=\"https:\/\/premiofranciscomercado.org\/wp-content\/uploads\/2023\/11\/malu-bosi.jpg\" alt=\"\" class=\"wp-image-720 size-full\"\/><\/figure><div class=\"wp-block-media-text__content\">\n<p class=\"has-medium-font-size\"><strong><a href=\"https:\/\/scholar.google.com\/citations?user=8RvE0qEAAAAJ&amp;hl=en&amp;oi=ao\">Maria Lucia Magalh\u00e3es Bosi<\/a><\/strong><br>Universidade Federal do Cear\u00e1, Brasil<\/p>\n<\/div><\/div>\n\n\n\n<div class=\"wp-block-media-text is-stacked-on-mobile\" style=\"grid-template-columns:18% auto\"><figure class=\"wp-block-media-text__media\"><img loading=\"lazy\" decoding=\"async\" width=\"206\" height=\"258\" src=\"https:\/\/premiofranciscomercado.org\/wp-content\/uploads\/2023\/11\/teresa-gonzalez-gil.jpg\" alt=\"\" class=\"wp-image-718 size-full\"\/><\/figure><div class=\"wp-block-media-text__content\">\n<p class=\"has-medium-font-size\"><strong><a href=\"https:\/\/www.researchgate.net\/profile\/Teresa-Gonzalez-Gil\">Maria Teresa Gonz\u00e1lez-Gil<\/a><\/strong><br>Universidad Aut\u00f3noma de Madrid, Espa\u00f1a<\/p>\n<\/div><\/div>\n\n\n\n<div class=\"wp-block-media-text is-stacked-on-mobile\" style=\"grid-template-columns:18% auto\"><figure class=\"wp-block-media-text__media\"><img loading=\"lazy\" decoding=\"async\" width=\"819\" height=\"1024\" src=\"https:\/\/premiofranciscomercado.org\/wp-content\/uploads\/2023\/10\/mario-cardano-819x1024.jpg\" alt=\"\" class=\"wp-image-402 size-full\" srcset=\"https:\/\/premiofranciscomercado.org\/wp-content\/uploads\/2023\/10\/mario-cardano-819x1024.jpg 819w, https:\/\/premiofranciscomercado.org\/wp-content\/uploads\/2023\/10\/mario-cardano-240x300.jpg 240w, https:\/\/premiofranciscomercado.org\/wp-content\/uploads\/2023\/10\/mario-cardano-768x960.jpg 768w, https:\/\/premiofranciscomercado.org\/wp-content\/uploads\/2023\/10\/mario-cardano.jpg 1224w\" sizes=\"auto, (max-width: 819px) 100vw, 819px\" \/><\/figure><div class=\"wp-block-media-text__content\">\n<p class=\"has-medium-font-size\"><strong><a href=\"https:\/\/scholar.google.com\/citations?user=gvc5k_QAAAAJ&amp;hl=en&amp;oi=ao\">Mario Cardano<\/a><\/strong><br>Universit\u00e0 di Torino, Italia<\/p>\n<\/div><\/div>\n\n\n\n<div class=\"wp-block-media-text is-stacked-on-mobile\" style=\"grid-template-columns:18% auto\"><figure class=\"wp-block-media-text__media\"><img loading=\"lazy\" decoding=\"async\" width=\"819\" height=\"1024\" src=\"https:\/\/premiofranciscomercado.org\/wp-content\/uploads\/2023\/11\/mary-jane-spink-819x1024.jpg\" alt=\"\" class=\"wp-image-756 size-full\" srcset=\"https:\/\/premiofranciscomercado.org\/wp-content\/uploads\/2023\/11\/mary-jane-spink-819x1024.jpg 819w, https:\/\/premiofranciscomercado.org\/wp-content\/uploads\/2023\/11\/mary-jane-spink-240x300.jpg 240w, https:\/\/premiofranciscomercado.org\/wp-content\/uploads\/2023\/11\/mary-jane-spink-768x960.jpg 768w, https:\/\/premiofranciscomercado.org\/wp-content\/uploads\/2023\/11\/mary-jane-spink-1229x1536.jpg 1229w, https:\/\/premiofranciscomercado.org\/wp-content\/uploads\/2023\/11\/mary-jane-spink-1638x2048.jpg 1638w, https:\/\/premiofranciscomercado.org\/wp-content\/uploads\/2023\/11\/mary-jane-spink-scaled.jpg 2048w\" sizes=\"auto, (max-width: 819px) 100vw, 819px\" \/><\/figure><div class=\"wp-block-media-text__content\">\n<p class=\"has-medium-font-size\"><strong><a href=\"http:\/\/orcid.org\/0000-0003-1672-505X\" target=\"_blank\" rel=\"noreferrer noopener\">Mary-Jane Paris Spink<\/a><\/strong><br>Pontificia Universidade Cat\u00f3lica de S\u00e3o Paulo, Brasil<\/p>\n<\/div><\/div>\n\n\n\n<div class=\"wp-block-media-text is-stacked-on-mobile\" style=\"grid-template-columns:18% auto\"><figure class=\"wp-block-media-text__media\"><img loading=\"lazy\" decoding=\"async\" width=\"819\" height=\"1024\" src=\"https:\/\/premiofranciscomercado.org\/wp-content\/uploads\/2023\/11\/mauro-serapioni-819x1024.jpeg\" alt=\"\" class=\"wp-image-834 size-full\" srcset=\"https:\/\/premiofranciscomercado.org\/wp-content\/uploads\/2023\/11\/mauro-serapioni-819x1024.jpeg 819w, https:\/\/premiofranciscomercado.org\/wp-content\/uploads\/2023\/11\/mauro-serapioni-240x300.jpeg 240w, https:\/\/premiofranciscomercado.org\/wp-content\/uploads\/2023\/11\/mauro-serapioni-768x960.jpeg 768w, https:\/\/premiofranciscomercado.org\/wp-content\/uploads\/2023\/11\/mauro-serapioni.jpeg 1210w\" sizes=\"auto, (max-width: 819px) 100vw, 819px\" \/><\/figure><div class=\"wp-block-media-text__content\">\n<p class=\"has-medium-font-size\"><strong><a href=\"https:\/\/orcid.org\/0000-0002-5761-2660\" target=\"_blank\" rel=\"noreferrer noopener\">Mauro Serapioni<\/a><\/strong><br>Universidade de Co\u00edmbra, Portugal | Profesor visitante del Instituto Multidisciplinar em Sa\u00fade da Universidade da Bahia, Brasil<\/p>\n<\/div><\/div>\n\n\n\n<div class=\"wp-block-media-text is-stacked-on-mobile\" style=\"grid-template-columns:18% auto\"><figure class=\"wp-block-media-text__media\"><img loading=\"lazy\" decoding=\"async\" width=\"203\" height=\"272\" src=\"https:\/\/premiofranciscomercado.org\/wp-content\/uploads\/2026\/04\/Milagros-Ramasco.png\" alt=\"\" class=\"wp-image-1723 size-full\"\/><\/figure><div class=\"wp-block-media-text__content\">\n<p class=\"has-medium-font-size\"><strong><a href=\"https:\/\/www.uam.es\/psicologia\/investigacion\/grupos-de-investigacion\/detalle\/f1-157\" target=\"_blank\" rel=\"noreferrer noopener\">Milagros Ramasco Guti\u00e9rrez<\/a><\/strong><br>Universidad Aut\u00f3noma de Madrid, Espa\u00f1a<\/p>\n<\/div><\/div>\n\n\n\n<div class=\"wp-block-media-text is-stacked-on-mobile\" style=\"grid-template-columns:18% auto\"><figure class=\"wp-block-media-text__media\"><img loading=\"lazy\" decoding=\"async\" width=\"819\" height=\"1024\" src=\"https:\/\/premiofranciscomercado.org\/wp-content\/uploads\/2024\/02\/Monica-Nunes-de-Torrente-819x1024.jpg\" alt=\"\" class=\"wp-image-1191 size-full\" srcset=\"https:\/\/premiofranciscomercado.org\/wp-content\/uploads\/2024\/02\/Monica-Nunes-de-Torrente-819x1024.jpg 819w, https:\/\/premiofranciscomercado.org\/wp-content\/uploads\/2024\/02\/Monica-Nunes-de-Torrente-240x300.jpg 240w, https:\/\/premiofranciscomercado.org\/wp-content\/uploads\/2024\/02\/Monica-Nunes-de-Torrente-768x960.jpg 768w, https:\/\/premiofranciscomercado.org\/wp-content\/uploads\/2024\/02\/Monica-Nunes-de-Torrente-1229x1536.jpg 1229w, https:\/\/premiofranciscomercado.org\/wp-content\/uploads\/2024\/02\/Monica-Nunes-de-Torrente-1638x2048.jpg 1638w, https:\/\/premiofranciscomercado.org\/wp-content\/uploads\/2024\/02\/Monica-Nunes-de-Torrente-1100x1375.jpg 1100w, https:\/\/premiofranciscomercado.org\/wp-content\/uploads\/2024\/02\/Monica-Nunes-de-Torrente-scaled.jpg 2048w\" sizes=\"auto, (max-width: 819px) 100vw, 819px\" \/><\/figure><div class=\"wp-block-media-text__content\">\n<p class=\"has-medium-font-size\"><strong><a href=\"https:\/\/orcid.org\/0000-0002-5905-4199\" target=\"_blank\" rel=\"noreferrer noopener\">M\u00f4nica Nunes de Torrent\u00e9<\/a><\/strong><br>Universidade Federal da Bahia<\/p>\n<\/div><\/div>\n\n\n\n<div class=\"wp-block-media-text is-stacked-on-mobile\" style=\"grid-template-columns:18% auto\"><figure class=\"wp-block-media-text__media\"><img loading=\"lazy\" decoding=\"async\" width=\"819\" height=\"1024\" src=\"https:\/\/premiofranciscomercado.org\/wp-content\/uploads\/2024\/03\/no-photo2-819x1024.png\" alt=\"\" class=\"wp-image-1203 size-full\" srcset=\"https:\/\/premiofranciscomercado.org\/wp-content\/uploads\/2024\/03\/no-photo2-819x1024.png 819w, https:\/\/premiofranciscomercado.org\/wp-content\/uploads\/2024\/03\/no-photo2-240x300.png 240w, https:\/\/premiofranciscomercado.org\/wp-content\/uploads\/2024\/03\/no-photo2-768x960.png 768w, https:\/\/premiofranciscomercado.org\/wp-content\/uploads\/2024\/03\/no-photo2.png 1080w\" sizes=\"auto, (max-width: 819px) 100vw, 819px\" \/><\/figure><div class=\"wp-block-media-text__content\">\n<p class=\"has-medium-font-size\"><strong><a href=\"https:\/\/orcid.org\/0000-0001-9444-4347\">Natalia Rivas-Quarneti<\/a><\/strong><br>Universidade da Coru\u00f1a, Espa\u00f1a<\/p>\n<\/div><\/div>\n\n\n\n<div class=\"wp-block-media-text is-stacked-on-mobile\" style=\"grid-template-columns:18% auto\"><figure class=\"wp-block-media-text__media\"><img loading=\"lazy\" decoding=\"async\" width=\"800\" height=\"1000\" src=\"https:\/\/premiofranciscomercado.org\/wp-content\/uploads\/2025\/04\/Nelson_5.jpg\" alt=\"\" class=\"wp-image-1329 size-full\" srcset=\"https:\/\/premiofranciscomercado.org\/wp-content\/uploads\/2025\/04\/Nelson_5.jpg 800w, https:\/\/premiofranciscomercado.org\/wp-content\/uploads\/2025\/04\/Nelson_5-240x300.jpg 240w, https:\/\/premiofranciscomercado.org\/wp-content\/uploads\/2025\/04\/Nelson_5-768x960.jpg 768w\" sizes=\"auto, (max-width: 800px) 100vw, 800px\" \/><\/figure><div class=\"wp-block-media-text__content\">\n<p class=\"has-medium-font-size\"><strong><a href=\"https:\/\/orcid.org\/0000-0002-2389-0056\">Nelson Filice de Barros<\/a><\/strong><br>Universidade Estadual de Campinas, Brasil<\/p>\n<\/div><\/div>\n\n\n\n<div class=\"wp-block-media-text is-stacked-on-mobile\" style=\"grid-template-columns:18% auto\"><figure class=\"wp-block-media-text__media\"><img loading=\"lazy\" decoding=\"async\" width=\"819\" height=\"1024\" src=\"https:\/\/premiofranciscomercado.org\/wp-content\/uploads\/2023\/10\/nuria-homedes-819x1024.jpg\" alt=\"\" class=\"wp-image-405 size-full\" srcset=\"https:\/\/premiofranciscomercado.org\/wp-content\/uploads\/2023\/10\/nuria-homedes-819x1024.jpg 819w, https:\/\/premiofranciscomercado.org\/wp-content\/uploads\/2023\/10\/nuria-homedes-240x300.jpg 240w, https:\/\/premiofranciscomercado.org\/wp-content\/uploads\/2023\/10\/nuria-homedes-768x960.jpg 768w, https:\/\/premiofranciscomercado.org\/wp-content\/uploads\/2023\/10\/nuria-homedes-1229x1536.jpg 1229w, https:\/\/premiofranciscomercado.org\/wp-content\/uploads\/2023\/10\/nuria-homedes.jpg 1600w\" sizes=\"auto, (max-width: 819px) 100vw, 819px\" \/><\/figure><div class=\"wp-block-media-text__content\">\n<p class=\"has-medium-font-size\"><strong><a href=\"https:\/\/scholar.google.com\/citations?user=Nz4sG2EAAAAJ&amp;hl=en&amp;oi=ao\" target=\"_blank\" rel=\"noreferrer noopener\">Nuria Homedes<\/a><\/strong><br>Georgetown University, Estados Unidos<\/p>\n<\/div><\/div>\n\n\n\n<div class=\"wp-block-media-text is-stacked-on-mobile\" style=\"grid-template-columns:18% auto\"><figure class=\"wp-block-media-text__media\"><img loading=\"lazy\" decoding=\"async\" width=\"819\" height=\"1024\" src=\"https:\/\/premiofranciscomercado.org\/wp-content\/uploads\/2026\/02\/Oliva_Lopez-819x1024.png\" alt=\"\" class=\"wp-image-1610 size-full\" srcset=\"https:\/\/premiofranciscomercado.org\/wp-content\/uploads\/2026\/02\/Oliva_Lopez-819x1024.png 819w, https:\/\/premiofranciscomercado.org\/wp-content\/uploads\/2026\/02\/Oliva_Lopez-240x300.png 240w, https:\/\/premiofranciscomercado.org\/wp-content\/uploads\/2026\/02\/Oliva_Lopez-768x960.png 768w, https:\/\/premiofranciscomercado.org\/wp-content\/uploads\/2026\/02\/Oliva_Lopez-1229x1536.png 1229w, https:\/\/premiofranciscomercado.org\/wp-content\/uploads\/2026\/02\/Oliva_Lopez-1638x2048.png 1638w, https:\/\/premiofranciscomercado.org\/wp-content\/uploads\/2026\/02\/Oliva_Lopez-1100x1375.png 1100w, https:\/\/premiofranciscomercado.org\/wp-content\/uploads\/2026\/02\/Oliva_Lopez.png 1762w\" sizes=\"auto, (max-width: 819px) 100vw, 819px\" \/><\/figure><div class=\"wp-block-media-text__content\">\n<p class=\"has-medium-font-size\"><strong><a href=\"https:\/\/scholar.google.com\/citations?user=M3HPKXYAAAAJ&amp;hl=es\" target=\"_blank\" rel=\"noreferrer noopener\">Oliva L\u00f3pez S\u00e1nchez<\/a><\/strong><br>Universidad Nacional Aut\u00f3noma de M\u00e9xico, M\u00e9xico<\/p>\n<\/div><\/div>\n\n\n\n<div class=\"wp-block-media-text is-stacked-on-mobile\" style=\"grid-template-columns:18% auto\"><figure class=\"wp-block-media-text__media\"><img loading=\"lazy\" decoding=\"async\" width=\"576\" height=\"720\" src=\"https:\/\/premiofranciscomercado.org\/wp-content\/uploads\/2026\/04\/Patricia-Aranda.jpg\" alt=\"\" class=\"wp-image-1730 size-full\" srcset=\"https:\/\/premiofranciscomercado.org\/wp-content\/uploads\/2026\/04\/Patricia-Aranda.jpg 576w, https:\/\/premiofranciscomercado.org\/wp-content\/uploads\/2026\/04\/Patricia-Aranda-240x300.jpg 240w\" sizes=\"auto, (max-width: 576px) 100vw, 576px\" \/><\/figure><div class=\"wp-block-media-text__content\">\n<p class=\"has-medium-font-size\"><strong><a href=\"https:\/\/orcid.org\/0000-0002-8675-3809\" target=\"_blank\" rel=\"noreferrer noopener\">Patricia Aranda Gallegos<\/a><\/strong><br>El Colegio de Sonora, M\u00e9xico<\/p>\n<\/div><\/div>\n\n\n\n<div class=\"wp-block-media-text is-stacked-on-mobile\" style=\"grid-template-columns:18% auto\"><figure class=\"wp-block-media-text__media\"><img loading=\"lazy\" decoding=\"async\" width=\"512\" height=\"640\" src=\"https:\/\/premiofranciscomercado.org\/wp-content\/uploads\/2026\/04\/Pilar-Delgado.jpg\" alt=\"\" class=\"wp-image-1711 size-full\" srcset=\"https:\/\/premiofranciscomercado.org\/wp-content\/uploads\/2026\/04\/Pilar-Delgado.jpg 512w, https:\/\/premiofranciscomercado.org\/wp-content\/uploads\/2026\/04\/Pilar-Delgado-240x300.jpg 240w\" sizes=\"auto, (max-width: 512px) 100vw, 512px\" \/><\/figure><div class=\"wp-block-media-text__content\">\n<p class=\"has-medium-font-size\"><strong><a href=\"https:\/\/orcid.org\/0000-0001-7077-3648\" target=\"_blank\" rel=\"noreferrer noopener\">Pilar Delgado Hito<\/a><\/strong><br>Universidad de Barcelona, Espa\u00f1a<\/p>\n<\/div><\/div>\n\n\n\n<div class=\"wp-block-media-text is-stacked-on-mobile\" style=\"grid-template-columns:18% auto\"><figure class=\"wp-block-media-text__media\"><img loading=\"lazy\" decoding=\"async\" width=\"819\" height=\"1024\" src=\"https:\/\/premiofranciscomercado.org\/wp-content\/uploads\/2026\/02\/Rodolfo-Morrison-819x1024.jpg\" alt=\"\" class=\"wp-image-1613 size-full\" srcset=\"https:\/\/premiofranciscomercado.org\/wp-content\/uploads\/2026\/02\/Rodolfo-Morrison-819x1024.jpg 819w, https:\/\/premiofranciscomercado.org\/wp-content\/uploads\/2026\/02\/Rodolfo-Morrison-240x300.jpg 240w, https:\/\/premiofranciscomercado.org\/wp-content\/uploads\/2026\/02\/Rodolfo-Morrison-768x960.jpg 768w, https:\/\/premiofranciscomercado.org\/wp-content\/uploads\/2026\/02\/Rodolfo-Morrison-1100x1375.jpg 1100w, https:\/\/premiofranciscomercado.org\/wp-content\/uploads\/2026\/02\/Rodolfo-Morrison.jpg 1198w\" sizes=\"auto, (max-width: 819px) 100vw, 819px\" \/><\/figure><div class=\"wp-block-media-text__content\">\n<p class=\"has-medium-font-size\"><strong><a href=\"https:\/\/orcid.org\/0000-0002-2834-1646\" target=\"_blank\" rel=\"noreferrer noopener\">Rodolfo A. Morrison J.<\/a><\/strong><br>Universidad Europea de Madrid, Espa\u00f1a<\/p>\n<\/div><\/div>\n\n\n\n<div class=\"wp-block-media-text is-stacked-on-mobile\" style=\"grid-template-columns:18% auto\"><figure class=\"wp-block-media-text__media\"><img loading=\"lazy\" decoding=\"async\" width=\"819\" height=\"1024\" src=\"https:\/\/premiofranciscomercado.org\/wp-content\/uploads\/2025\/04\/foto-rosa-2-819x1024.jpg\" alt=\"\" class=\"wp-image-1327 size-full\" srcset=\"https:\/\/premiofranciscomercado.org\/wp-content\/uploads\/2025\/04\/foto-rosa-2-819x1024.jpg 819w, https:\/\/premiofranciscomercado.org\/wp-content\/uploads\/2025\/04\/foto-rosa-2-240x300.jpg 240w, https:\/\/premiofranciscomercado.org\/wp-content\/uploads\/2025\/04\/foto-rosa-2-768x960.jpg 768w, https:\/\/premiofranciscomercado.org\/wp-content\/uploads\/2025\/04\/foto-rosa-2-1229x1536.jpg 1229w, https:\/\/premiofranciscomercado.org\/wp-content\/uploads\/2025\/04\/foto-rosa-2-1638x2048.jpg 1638w, https:\/\/premiofranciscomercado.org\/wp-content\/uploads\/2025\/04\/foto-rosa-2-1100x1375.jpg 1100w, https:\/\/premiofranciscomercado.org\/wp-content\/uploads\/2025\/04\/foto-rosa-2.jpg 1812w\" sizes=\"auto, (max-width: 819px) 100vw, 819px\" \/><\/figure><div class=\"wp-block-media-text__content\">\n<p class=\"has-medium-font-size\"><strong><a href=\"https:\/\/orcid.org\/0000-0001-5740-0572\" target=\"_blank\" rel=\"noreferrer noopener\">Rosa Mir\u00f3 Bonet<\/a><\/strong><br>Universitat de Islas Baleares, Espa\u00f1a<\/p>\n<\/div><\/div>\n\n\n\n<div class=\"wp-block-media-text is-stacked-on-mobile\" style=\"grid-template-columns:18% auto\"><figure class=\"wp-block-media-text__media\"><img loading=\"lazy\" decoding=\"async\" width=\"819\" height=\"1024\" src=\"https:\/\/premiofranciscomercado.org\/wp-content\/uploads\/2026\/02\/Rozilaine-Redi-Lago-819x1024.jpg\" alt=\"\" class=\"wp-image-1606 size-full\" srcset=\"https:\/\/premiofranciscomercado.org\/wp-content\/uploads\/2026\/02\/Rozilaine-Redi-Lago-819x1024.jpg 819w, https:\/\/premiofranciscomercado.org\/wp-content\/uploads\/2026\/02\/Rozilaine-Redi-Lago-240x300.jpg 240w, https:\/\/premiofranciscomercado.org\/wp-content\/uploads\/2026\/02\/Rozilaine-Redi-Lago-768x960.jpg 768w, https:\/\/premiofranciscomercado.org\/wp-content\/uploads\/2026\/02\/Rozilaine-Redi-Lago-1229x1536.jpg 1229w, https:\/\/premiofranciscomercado.org\/wp-content\/uploads\/2026\/02\/Rozilaine-Redi-Lago-1638x2048.jpg 1638w, https:\/\/premiofranciscomercado.org\/wp-content\/uploads\/2026\/02\/Rozilaine-Redi-Lago-1100x1375.jpg 1100w, https:\/\/premiofranciscomercado.org\/wp-content\/uploads\/2026\/02\/Rozilaine-Redi-Lago.jpg 1667w\" sizes=\"auto, (max-width: 819px) 100vw, 819px\" \/><\/figure><div class=\"wp-block-media-text__content\">\n<p class=\"has-medium-font-size\"><strong><a href=\"https:\/\/orcid.org\/0000-0002-1383-0463\" target=\"_blank\" rel=\"noreferrer noopener\">Rozilaine Redi Lago<\/a><\/strong><br>Universidade Federal do Acre, Brasil<\/p>\n<\/div><\/div>\n\n\n\n<div class=\"wp-block-media-text is-stacked-on-mobile\" style=\"grid-template-columns:18% auto\"><figure class=\"wp-block-media-text__media\"><img loading=\"lazy\" decoding=\"async\" width=\"819\" height=\"1024\" src=\"https:\/\/premiofranciscomercado.org\/wp-content\/uploads\/2026\/02\/Sabrina-819x1024.jpeg\" alt=\"\" class=\"wp-image-1587 size-full\" srcset=\"https:\/\/premiofranciscomercado.org\/wp-content\/uploads\/2026\/02\/Sabrina-819x1024.jpeg 819w, https:\/\/premiofranciscomercado.org\/wp-content\/uploads\/2026\/02\/Sabrina-240x300.jpeg 240w, https:\/\/premiofranciscomercado.org\/wp-content\/uploads\/2026\/02\/Sabrina-768x960.jpeg 768w, https:\/\/premiofranciscomercado.org\/wp-content\/uploads\/2026\/02\/Sabrina-1229x1536.jpeg 1229w, https:\/\/premiofranciscomercado.org\/wp-content\/uploads\/2026\/02\/Sabrina-1100x1375.jpeg 1100w, https:\/\/premiofranciscomercado.org\/wp-content\/uploads\/2026\/02\/Sabrina.jpeg 1280w\" sizes=\"auto, (max-width: 819px) 100vw, 819px\" \/><\/figure><div class=\"wp-block-media-text__content\">\n<p class=\"has-medium-font-size\"><a href=\"https:\/\/orcid.org\/0000-0001-7567-7225\" target=\"_blank\" rel=\"noreferrer noopener\"><strong>Sabrina Ferigato<\/strong><\/a><br>Universidade Federal de S\u00e3o Carlos, Brasil<\/p>\n<\/div><\/div>\n\n\n\n<div class=\"wp-block-media-text is-stacked-on-mobile\" style=\"grid-template-columns:18% auto\"><figure class=\"wp-block-media-text__media\"><img loading=\"lazy\" decoding=\"async\" width=\"819\" height=\"1024\" src=\"https:\/\/premiofranciscomercado.org\/wp-content\/uploads\/2026\/03\/Sebastian-Rojas-819x1024.jpeg\" alt=\"\" class=\"wp-image-1627 size-full\" srcset=\"https:\/\/premiofranciscomercado.org\/wp-content\/uploads\/2026\/03\/Sebastian-Rojas-819x1024.jpeg 819w, https:\/\/premiofranciscomercado.org\/wp-content\/uploads\/2026\/03\/Sebastian-Rojas-240x300.jpeg 240w, https:\/\/premiofranciscomercado.org\/wp-content\/uploads\/2026\/03\/Sebastian-Rojas-768x960.jpeg 768w, https:\/\/premiofranciscomercado.org\/wp-content\/uploads\/2026\/03\/Sebastian-Rojas.jpeg 959w\" sizes=\"auto, (max-width: 819px) 100vw, 819px\" \/><\/figure><div class=\"wp-block-media-text__content\">\n<p class=\"has-medium-font-size\"><strong><a href=\"https:\/\/orcid.org\/0000-0003-1963-1569\" target=\"_blank\" rel=\"noreferrer noopener\">Sebasti\u00e1n Rojas-Navarro<\/a><\/strong><br>Universidad Andr\u00e9s Bello | Centro de Investigaci\u00f3n y Acci\u00f3n en Determinaci\u00f3n Social y Salud Mental, Chile<\/p>\n<\/div><\/div>\n\n\n\n<div class=\"wp-block-media-text is-stacked-on-mobile\" style=\"grid-template-columns:18% auto\"><figure class=\"wp-block-media-text__media\"><img loading=\"lazy\" decoding=\"async\" width=\"819\" height=\"1024\" src=\"https:\/\/premiofranciscomercado.org\/wp-content\/uploads\/2024\/02\/Suely-Deslandes-819x1024.jpeg\" alt=\"\" class=\"wp-image-1173 size-full\" srcset=\"https:\/\/premiofranciscomercado.org\/wp-content\/uploads\/2024\/02\/Suely-Deslandes-819x1024.jpeg 819w, https:\/\/premiofranciscomercado.org\/wp-content\/uploads\/2024\/02\/Suely-Deslandes-240x300.jpeg 240w, https:\/\/premiofranciscomercado.org\/wp-content\/uploads\/2024\/02\/Suely-Deslandes-768x960.jpeg 768w, https:\/\/premiofranciscomercado.org\/wp-content\/uploads\/2024\/02\/Suely-Deslandes.jpeg 1004w\" sizes=\"auto, (max-width: 819px) 100vw, 819px\" \/><\/figure><div class=\"wp-block-media-text__content\">\n<p class=\"has-medium-font-size\"><strong><a href=\"https:\/\/orcid.org\/0000-0002-7062-3604\" target=\"_blank\" rel=\"noreferrer noopener\">Suely Deslandes<\/a><\/strong><br>Funda\u00e7\u00e3o Oswaldo Cruz, Brasil<\/p>\n<\/div><\/div>\n\n\n\n<div class=\"wp-block-media-text is-stacked-on-mobile\" style=\"grid-template-columns:18% auto\"><figure class=\"wp-block-media-text__media\"><img loading=\"lazy\" decoding=\"async\" width=\"819\" height=\"1024\" src=\"https:\/\/premiofranciscomercado.org\/wp-content\/uploads\/2025\/04\/Valeria-Mori-819x1024.jpg\" alt=\"\" class=\"wp-image-1339 size-full\" srcset=\"https:\/\/premiofranciscomercado.org\/wp-content\/uploads\/2025\/04\/Valeria-Mori-819x1024.jpg 819w, https:\/\/premiofranciscomercado.org\/wp-content\/uploads\/2025\/04\/Valeria-Mori-240x300.jpg 240w, https:\/\/premiofranciscomercado.org\/wp-content\/uploads\/2025\/04\/Valeria-Mori-768x960.jpg 768w, https:\/\/premiofranciscomercado.org\/wp-content\/uploads\/2025\/04\/Valeria-Mori-1229x1536.jpg 1229w, https:\/\/premiofranciscomercado.org\/wp-content\/uploads\/2025\/04\/Valeria-Mori-1638x2048.jpg 1638w, https:\/\/premiofranciscomercado.org\/wp-content\/uploads\/2025\/04\/Valeria-Mori-1100x1375.jpg 1100w, https:\/\/premiofranciscomercado.org\/wp-content\/uploads\/2025\/04\/Valeria-Mori-scaled.jpg 2048w\" sizes=\"auto, (max-width: 819px) 100vw, 819px\" \/><\/figure><div class=\"wp-block-media-text__content\">\n<p class=\"has-medium-font-size\"><strong><a href=\"https:\/\/scholar.google.com\/citations?user=iDo7NgkAAAAJ&amp;hl=en&amp;oi=ao\" target=\"_blank\" rel=\"noreferrer noopener\">Val\u00e9ria Deusdar\u00e1 Mori<\/a><\/strong><br>Ceub &#8211; Centro Universitario de Brasilia, Brasil<\/p>\n<\/div><\/div>\n\n\n\n<div class=\"wp-block-media-text is-stacked-on-mobile\" style=\"grid-template-columns:18% auto\"><figure class=\"wp-block-media-text__media\"><img loading=\"lazy\" decoding=\"async\" width=\"820\" height=\"1024\" src=\"https:\/\/premiofranciscomercado.org\/wp-content\/uploads\/2026\/02\/Zeyda-Rodriguez-820x1024.png\" alt=\"\" class=\"wp-image-1608 size-full\" srcset=\"https:\/\/premiofranciscomercado.org\/wp-content\/uploads\/2026\/02\/Zeyda-Rodriguez-820x1024.png 820w, https:\/\/premiofranciscomercado.org\/wp-content\/uploads\/2026\/02\/Zeyda-Rodriguez-240x300.png 240w, https:\/\/premiofranciscomercado.org\/wp-content\/uploads\/2026\/02\/Zeyda-Rodriguez-768x959.png 768w, https:\/\/premiofranciscomercado.org\/wp-content\/uploads\/2026\/02\/Zeyda-Rodriguez-1100x1374.png 1100w, https:\/\/premiofranciscomercado.org\/wp-content\/uploads\/2026\/02\/Zeyda-Rodriguez.png 1184w\" sizes=\"auto, (max-width: 820px) 100vw, 820px\" \/><\/figure><div class=\"wp-block-media-text__content\">\n<p class=\"has-medium-font-size\"><strong><a href=\"https:\/\/scholar.google.com.mx\/citations?user=2_myW3kAAAAJ&amp;hl=es\">Zeyda Rodr\u00edguez Mora<\/a><a href=\"https:\/\/scholar.google.com.mx\/citations?user=2_myW3kAAAAJ&amp;hl=es\" target=\"_blank\" rel=\"noreferrer noopener\">l<\/a><a href=\"https:\/\/scholar.google.com.mx\/citations?user=2_myW3kAAAAJ&amp;hl=es\">es<\/a><\/strong><br>Universidad de Guadalajara, M\u00e9xico<\/p>\n<\/div><\/div>\n\n\n\n<p><\/p>\n","protected":false},"excerpt":{"rendered":"<p>Lo forman los acad\u00e9micos y las acad\u00e9micas expertas con amplia trayectoria y reconocimiento en el campo de la investigaci\u00f3n cualitativa. En cada Edici\u00f3n del premio, un grupo de ellos y ellas forman el Jurado que dictaminar\u00e1 el valor de las tesis candidatas al premio. [En construcci\u00f3n] Albertina Mitjans Mart\u00ednezUniversidade de Brasilia, Brasil Alex Branco FragaUniversidade &hellip; <a href=\"https:\/\/premiofranciscomercado.org\/?page_id=1310\" class=\"more-link\">Sigue leyendo <span class=\"screen-reader-text\">Comit\u00e9 de Dictaminadores<\/span> <span class=\"meta-nav\">&rarr;<\/span><\/a><\/p>\n","protected":false},"author":2,"featured_media":0,"parent":0,"menu_order":0,"comment_status":"closed","ping_status":"closed","template":"","meta":{"footnotes":""},"class_list":["post-1310","page","type-page","status-publish","hentry"],"_links":{"self":[{"href":"https:\/\/premiofranciscomercado.org\/index.php?rest_route=\/wp\/v2\/pages\/1310","targetHints":{"allow":["GET"]}}],"collection":[{"href":"https:\/\/premiofranciscomercado.org\/index.php?rest_route=\/wp\/v2\/pages"}],"about":[{"href":"https:\/\/premiofranciscomercado.org\/index.php?rest_route=\/wp\/v2\/types\/page"}],"author":[{"embeddable":true,"href":"https:\/\/premiofranciscomercado.org\/index.php?rest_route=\/wp\/v2\/users\/2"}],"replies":[{"embeddable":true,"href":"https:\/\/premiofranciscomercado.org\/index.php?rest_route=%2Fwp%2Fv2%2Fcomments&post=1310"}],"version-history":[{"count":61,"href":"https:\/\/premiofranciscomercado.org\/index.php?rest_route=\/wp\/v2\/pages\/1310\/revisions"}],"predecessor-version":[{"id":1748,"href":"https:\/\/premiofranciscomercado.org\/index.php?rest_route=\/wp\/v2\/pages\/1310\/revisions\/1748"}],"wp:attachment":[{"href":"https:\/\/premiofranciscomercado.org\/index.php?rest_route=%2Fwp%2Fv2%2Fmedia&parent=1310"}],"curies":[{"name":"wp","href":"https:\/\/api.w.org\/{rel}","templated":true}]}}